{"id":6710,"date":"2024-12-23T22:25:05","date_gmt":"2024-12-23T20:25:05","guid":{"rendered":"https:\/\/dev.ergo.bertaeins.ch\/delegations-internationales\/"},"modified":"2026-03-25T15:21:42","modified_gmt":"2026-03-25T13:21:42","slug":"delegations-internationales","status":"publish","type":"page","link":"https:\/\/ergotherapie.ch\/fr\/association\/participer-activement\/delegations-internationales\/","title":{"rendered":"D\u00e9l\u00e9gations internationales"},"content":{"rendered":"<div id=\"hero-with-arc\">\n    <div class=\"container-fluid\">\n        <div class=\"hero-with-arc-art\">\n            <img decoding=\"async\" src=\"https:\/\/ergotherapie.ch\/wp-content\/themes\/ergo-theme\/assets\/images\/header_arc.svg\" alt=\"Arc\" \/>\n        <\/div>\n        <div class=\"hw-content\">\n            <div class=\"hw-content-editor-wrapper\">\n                <h2 id=\"enhaut\">D\u00e9l\u00e9gations internationales<\/h2>\n<p>L&rsquo;ASE repr\u00e9sente les ergoth\u00e9rapeutes en Suisse et au niveau international.<\/p>\n                            <\/div>\n        <\/div>\n    <\/div>\n<\/div>\n\n\n<div         class=\"wysiwyg padding-none links-into-buttons \">\n    <div class=\"container-fluid\">\n        <div class=\"wysiwyg-inner-container\">\n            <p><a href=\"https:\/\/ergotherapie.ch\/fr\/association\/participer-activement\/delegations-internationales\/#COTEC_FR\" rel=\"noopener\">COTEC<\/a><\/p>\n<p><a href=\"https:\/\/ergotherapie.ch\/fr\/association\/participer-activement\/delegations-internationales\/#WFOT_FR\" target=\"_blank\" rel=\"noopener\">WFOT<\/a><\/p>\n<p><a href=\"https:\/\/ergotherapie.ch\/fr\/association\/participer-activement\/delegations-internationales\/#Themen_FR\" rel=\"noopener\">Journ\u00e9e mondiale de l&rsquo;ergoth\u00e9rapie<\/a><\/p>\n<p><a href=\"https:\/\/ergotherapie.ch\/fr\/association\/participer-activement\/delegations-internationales\/#Themen_FR\" target=\"_blank\" rel=\"noopener\">Outil strat\u00e9gique d&rsquo;\u00e9valuation de la qualit\u00e9 (QUEST)<\/a><\/p>\n<p><a href=\"https:\/\/ergotherapie.ch\/fr\/association\/participer-activement\/delegations-internationales\/#Themen_FR\" rel=\"noopener\">D\u00e9claration sur le racisme syst\u00e9mique<\/a><\/p>\n        <\/div>\n    <\/div>\n<\/div>\n\n\n    <div class=\"section-downloads \">\n        <div class=\"container-fluid\">\n                            <div class=\"content-above\">\n                    <h3 id=\"COTEC_FR\">Council of Occupational Therapists for the European Countries \u2013 COTEC<\/h3>\n<p>Le COTEC ou Conseil des ergoth\u00e9rapeutes des pays europ\u00e9ens a \u00e9t\u00e9 cr\u00e9\u00e9 en 1986 avec l\u2019objectif de coordonner les diff\u00e9rents points de vue des associations d\u2019ergoth\u00e9rapie d\u2019Europe. Aujourd\u2019hui, il repr\u00e9sente plus de 215 000 ergoth\u00e9rapeutes exer\u00e7ant dans 33 pays europ\u00e9ens.<\/p>\n<p>Le COTEC a pour principal but d\u2019am\u00e9liorer la visibilit\u00e9 du r\u00f4le et des t\u00e2ches de l\u2019ergoth\u00e9rapie dans le syst\u00e8me de soins de sant\u00e9 et dans la soci\u00e9t\u00e9, ainsi que d\u2019influencer activement les activit\u00e9s europ\u00e9ennes, notamment dans les domaines de la sant\u00e9 publique, de la pr\u00e9vention ou des comp\u00e9tences en mati\u00e8re de sant\u00e9. En outre, le COTEC offre des possibilit\u00e9s de mise en r\u00e9seau et d\u2019\u00e9change pour les associations nationales.<\/p>\n<p>La pr\u00e9sidente du Comit\u00e9 central, Colette Carroz, repr\u00e9sente actuellement l\u2019ASE et ses int\u00e9r\u00eats au sein du COTEC.<\/p>\n<p id=\"p7\" class=\"text\">Contact: <a href=\"mailto:colette.carroz@ergotherapie.ch\" target=\"_blank\" rel=\"noopener\">colette.carroz@ergotherapie.ch<\/a><br \/>\nSite web: <a href=\"https:\/\/www.coteceurope.eu\/\" target=\"_blank\" rel=\"noopener\">COTEC<\/a><\/p>\n                                    <\/div>\n                                        <h2 class=\"downloads-title\">\n                                    <\/h2>\n\n                                                    \n                <div class=\"downloads-feed\">\n                                            <div class=\"one-download\">\n                            <div>\n                                <strong>\n                                                                        <a target=\"_blank\"\n                                       class=\"the-download-lik open-download-modal\"\n                                       href=\"#\">\n                                        2025 COTEC summary of professions                                    <\/a>\n                                <\/strong>\n                            <\/div>\n                            <div>\n                                <strong>\n                                    pdf                                <\/strong>\n                            <\/div>\n                            <div>\n                                                                    <a class=\"open-download-modal\" href=\"#\">\n                                        <svg xmlns=\"http:\/\/www.w3.org\/2000\/svg\" xmlns:xlink=\"http:\/\/www.w3.org\/1999\/xlink\" width=\"32.651\" height=\"42.701\" viewBox=\"0 0 32.651 42.701\">\n  <defs>\n    <clipPath id=\"485clip-path\">\n      <rect id=\"485Rectangle_358\" data-name=\"Rectangle 358\" width=\"32.651\" height=\"42.701\" transform=\"translate(0 0)\" fill=\"none\"\/>\n    <\/clipPath>\n  <\/defs>\n  <g id=\"485Group_1093\" data-name=\"Group 1093\" transform=\"translate(0 0)\">\n    <g id=\"485Group_1091\" data-name=\"Group 1091\" clip-path=\"url(#485clip-path)\">\n      <path id=\"485Path_1044\" data-name=\"Path 1044\" d=\"M16.326,1.25A11.259,11.259,0,0,0,5.02,12.462v5.119a3.7,3.7,0,0,0-3.769,3.63c0,.046,0,.093,0,.139V37.681a3.7,3.7,0,0,0,3.63,3.769H27.632A3.7,3.7,0,0,0,31.4,37.82c0-.046,0-.093,0-.139V21.35a3.7,3.7,0,0,0-3.63-3.769h-.139V12.556A11.259,11.259,0,0,0,16.42,1.25Z\" fill=\"none\" stroke=\"#d3006a\" stroke-miterlimit=\"10\" stroke-width=\"2.5\"\/>\n      <line id=\"485Line_81\" data-name=\"Line 81\" x2=\"23\" transform=\"translate(4.073 17.581)\" fill=\"none\" stroke=\"#d3006a\" stroke-miterlimit=\"10\" stroke-width=\"2.5\"\/>\n      <circle id=\"485Ellipse_73\" data-name=\"Ellipse 73\" cx=\"3\" cy=\"3\" r=\"3\" transform=\"translate(13.326 24.034)\" fill=\"none\" stroke=\"#d3006a\" stroke-miterlimit=\"10\" stroke-width=\"2.5\"\/>\n      <line id=\"485Line_82\" data-name=\"Line 82\" y2=\"4\" transform=\"translate(16.326 30.034)\" fill=\"none\" stroke=\"#d3006a\" stroke-linecap=\"round\" stroke-miterlimit=\"10\" stroke-width=\"2.5\"\/>\n    <\/g>\n  <\/g>\n<\/svg>\n                                    <\/a>\n                                                                <\/div>\n                        <\/div>\n                                        <\/div>\n                                <p class=\"downloads-not-found\">\n                    Aucun t\u00e9l\u00e9chargement trouv\u00e9                <\/p>\n                    <\/div>\n    <\/div>\n\n\n<div         class=\"wysiwyg padding-none  \">\n    <div class=\"container-fluid\">\n        <div class=\"wysiwyg-inner-container\">\n            <h4>Information pr\u00e9alable: postes \u00e0 pourvoir au sein du comit\u00e9 directeur du COTEC<\/h4>\n<p>En 2026, des postes seront \u00e0 pourvoir au sein du comit\u00e9 directeur du COTEC. Le processus de candidature officiel d\u00e9butera au printemps 2026. <strong>De plus amples informations suivront.<\/strong><\/p>\n<p>La fonction b\u00e9n\u00e9vole comprend le travail strat\u00e9gique de l&rsquo;association, la repr\u00e9sentation de la COTEC et de l&rsquo;ergoth\u00e9rapie dans les r\u00e9seaux europ\u00e9ens et la politique europ\u00e9enne. La charge de travail correspond \u00e0 environ 10 % d&rsquo;un emploi \u00e0 temps plein. La langue de travail est l&rsquo;anglais (\u00e9crit et oral). Une grande partie du travail se fait en ligne, mais l&rsquo;engagement implique \u00e9galement des d\u00e9placements en Europe, c&rsquo;est-\u00e0-dire dans les diff\u00e9rents pays membres de la COTEC. Les membres du comit\u00e9 directeur de la COTEC re\u00e7oivent une indemnit\u00e9 pour leur engagement.<\/p>\n<p>Les temps forts de l&rsquo;ann\u00e9e COTEC sont la Journ\u00e9e de la gouvernance et l&rsquo;Assembl\u00e9e g\u00e9n\u00e9rale, qui r\u00e9unissent les d\u00e9l\u00e9gu\u00e9s de la COTEC pendant deux jours.<\/p>\n        <\/div>\n    <\/div>\n<\/div>\n\n\n    <div class=\"section-downloads \">\n        <div class=\"container-fluid\">\n                            <div class=\"content-above\">\n                    <h3><\/h3>\n<h3 id=\"WFOT_FR\">La World Federation of Occupational Therapists (WFOT)<\/h3>\n<p>La WFOT ou F\u00e9d\u00e9ration mondiale des ergoth\u00e9rapeutes porte la voix de la profession au niveau international et regroupe 111 associations professionnelles nationales d\u2019ergoth\u00e9rapie. La d\u00e9l\u00e9gation assure le lien entre la F\u00e9d\u00e9ration mondiale et l\u2019ASE. Elle s\u2019occupe des th\u00e8mes pertinents \u00e0 l\u2019international ainsi que des enqu\u00eates, et elle veille \u00e0 ce que le flux d\u2019informations entre les organisations fonctionne.<\/p>\n<p>1re d\u00e9l\u00e9gu\u00e9e: Verena Langlotz Kondzic<br \/>\n1e d\u00e9l\u00e9gu\u00e9e suppl\u00e9ante: Tanja Di Nicola<br \/>\n2e d\u00e9l\u00e9gu\u00e9e suppl\u00e9ante: Isabel Margot-Cattin<\/p>\n<p><a class=\"link target_self\" href=\"mailto:wfot@ergotherapie.ch\" target=\"_self\">wfot@ergotherapie.ch<\/a><\/p>\n<p><strong>Bulletin de la WFOT<\/strong><br \/>\nLe Bulletin est une revue sp\u00e9cialis\u00e9e \u00e0 orientation scientifique de la WFOT. Il est en ligne sur le site web du WFOT et peut \u00eatre t\u00e9l\u00e9charg\u00e9 par les membres individuels du WFOT.<\/p>\n<p><a href=\"http:\/\/www.wfot.org\/Bulletin.aspx\" target=\"_blank\" rel=\"noopener\">Bulletin de la WFOT<\/a><\/p>\n<p><strong>Devenir membre de la WFOT<\/strong><br \/>\nVous pouvez devenir membre via l&rsquo;ASE et en payant une cotisation annuelle de CHF 26.\u2013. Vous trouverez le formulaire d&rsquo;inscription pour l&rsquo;adh\u00e9sion \u00e0 la WFOT dans les t\u00e9l\u00e9chargements.<\/p>\n                                    <\/div>\n                                        <h2 class=\"downloads-title\">\n                                    <\/h2>\n\n                                                    \n                <div class=\"downloads-feed\">\n                                            <div class=\"one-download\">\n                            <div>\n                                <strong>\n                                                                        <a target=\"_blank\"\n                                       class=\"the-download-lik \"\n                                       href=\"https:\/\/ergotherapie.ch\/fr\/?download_file=7481\">\n                                        Application Form Individual Membership WFOT                                    <\/a>\n                                <\/strong>\n                            <\/div>\n                            <div>\n                                <strong>\n                                    pdf                                <\/strong>\n                            <\/div>\n                            <div>\n                                                                    <a target=\"_blank\"\n                                       href=\"https:\/\/ergotherapie.ch\/fr\/?download_file=7481\">\n                                        <svg id=\"6177Group_1085\" data-name=\"Group 1085\" xmlns=\"http:\/\/www.w3.org\/2000\/svg\" xmlns:xlink=\"http:\/\/www.w3.org\/1999\/xlink\" width=\"30.5\" height=\"39.5\" viewBox=\"0 0 30.5 39.5\">\n  <defs>\n    <clipPath id=\"6177clip-path\">\n      <rect id=\"6177Rectangle_357\" data-name=\"Rectangle 357\" width=\"30.5\" height=\"39.5\" fill=\"none\"\/>\n    <\/clipPath>\n  <\/defs>\n  <g id=\"6177Group_1083\" data-name=\"Group 1083\" clip-path=\"url(#6177clip-path)\">\n    <path id=\"6177Path_1043\" data-name=\"Path 1043\" d=\"M26.948,19.7,15.219,31.427,3.495,19.7\" fill=\"none\" stroke=\"#d3006a\" stroke-miterlimit=\"10\" stroke-width=\"2.5\"\/>\n    <line id=\"6177Line_79\" data-name=\"Line 79\" y2=\"30.5\" transform=\"translate(15.221)\" fill=\"none\" stroke=\"#d3006a\" stroke-miterlimit=\"10\" stroke-width=\"2.5\"\/>\n    <line id=\"6177Line_80\" data-name=\"Line 80\" x1=\"30.5\" transform=\"translate(0 38.25)\" fill=\"none\" stroke=\"#d3006a\" stroke-miterlimit=\"10\" stroke-width=\"2.5\"\/>\n  <\/g>\n<\/svg>\n                                    <\/a>\n                                                                <\/div>\n                        <\/div>\n                                                <div class=\"one-download\">\n                            <div>\n                                <strong>\n                                                                        <a target=\"_blank\"\n                                       class=\"the-download-lik \"\n                                       href=\"https:\/\/ergotherapie.ch\/fr\/?download_file=10589\">\n                                        D\u00e9claration sur le racisme syst\u00e9mique de la WFOT                                    <\/a>\n                                <\/strong>\n                            <\/div>\n                            <div>\n                                <strong>\n                                    pdf                                <\/strong>\n                            <\/div>\n                            <div>\n                                                                    <a target=\"_blank\"\n                                       href=\"https:\/\/ergotherapie.ch\/fr\/?download_file=10589\">\n                                        <svg id=\"8774Group_1085\" data-name=\"Group 1085\" xmlns=\"http:\/\/www.w3.org\/2000\/svg\" xmlns:xlink=\"http:\/\/www.w3.org\/1999\/xlink\" width=\"30.5\" height=\"39.5\" viewBox=\"0 0 30.5 39.5\">\n  <defs>\n    <clipPath id=\"8774clip-path\">\n      <rect id=\"8774Rectangle_357\" data-name=\"Rectangle 357\" width=\"30.5\" height=\"39.5\" fill=\"none\"\/>\n    <\/clipPath>\n  <\/defs>\n  <g id=\"8774Group_1083\" data-name=\"Group 1083\" clip-path=\"url(#8774clip-path)\">\n    <path id=\"8774Path_1043\" data-name=\"Path 1043\" d=\"M26.948,19.7,15.219,31.427,3.495,19.7\" fill=\"none\" stroke=\"#d3006a\" stroke-miterlimit=\"10\" stroke-width=\"2.5\"\/>\n    <line id=\"8774Line_79\" data-name=\"Line 79\" y2=\"30.5\" transform=\"translate(15.221)\" fill=\"none\" stroke=\"#d3006a\" stroke-miterlimit=\"10\" stroke-width=\"2.5\"\/>\n    <line id=\"8774Line_80\" data-name=\"Line 80\" x1=\"30.5\" transform=\"translate(0 38.25)\" fill=\"none\" stroke=\"#d3006a\" stroke-miterlimit=\"10\" stroke-width=\"2.5\"\/>\n  <\/g>\n<\/svg>\n                                    <\/a>\n                                                                <\/div>\n                        <\/div>\n                                        <\/div>\n                                <p class=\"downloads-not-found\">\n                    Aucun t\u00e9l\u00e9chargement trouv\u00e9                <\/p>\n                    <\/div>\n    <\/div>\n\n\n<div         class=\"wysiwyg padding-none  \">\n    <div class=\"container-fluid\">\n        <div class=\"wysiwyg-inner-container\">\n            <h4>Actualit\u00e9s de la d\u00e9l\u00e9gation WFOT de l&rsquo;ASE<\/h4>\n<p>La premi\u00e8re grande t\u00e2che des nouveaux membres de la d\u00e9l\u00e9gation a \u00e9t\u00e9 d&rsquo;\u00e9laborer, durant l&rsquo;\u00e9t\u00e9 2025, une prise de position sur le traitement des normes minimales pour les places de formation en ergoth\u00e9rapie. Celles-ci doivent \u00eatre adopt\u00e9es lors de l&rsquo;Assembl\u00e9e g\u00e9n\u00e9rale pr\u00e9c\u00e9dant le congr\u00e8s de la WFOT. Dans le cadre d&rsquo;un processus participatif, la d\u00e9l\u00e9gation a recueilli les commentaires d&rsquo;autres repr\u00e9sentants de l&rsquo;Association suisse d&rsquo;ergoth\u00e9rapie et les a transmis \u00e0 la WFOT.<\/p>\n<p><a href=\"https:\/\/wfot.org\/education\">Plus d&rsquo;informations<\/a><\/p>\n<h4>Congr\u00e8s de la WFOT 2026<\/h4>\n<p>La WFOT invite les ergoth\u00e9rapeutes et les \u00e9tudiant\u00b7e\u00b7s \u00e0 partager leur vision de l&rsquo;avenir de l&rsquo;ergoth\u00e9rapie. De courtes vid\u00e9os (20 \u00e0 50 mots) peuvent \u00eatre soumises en ligne. Les contributions s\u00e9lectionn\u00e9es seront pr\u00e9sent\u00e9es lors du congr\u00e8s de la WFOT en 2026 et publi\u00e9es sur les canaux officiels de la WFOT.<\/p>\n<p>Si vous souhaitez vous connecter, vous pouvez soit envoyer votre num\u00e9ro de t\u00e9l\u00e9phone \u00e0 <a href=\"mailto:tanja.dinicola@ergotherapie.ch\">tanja.dinicola@ergotherapie.ch<\/a> pour \u00eatre ajout\u00e9 au chat Signal, soit consulter r\u00e9guli\u00e8rement le site web du congr\u00e8s et l&rsquo;application correspondante d\u00e8s qu&rsquo;ils seront activ\u00e9s, ou vous rendre sur place pour vous tenir au courant des activit\u00e9s de la d\u00e9l\u00e9gation suisse (par exemple, s\u00e9ances photo, excursions, etc.).<\/p>\n<p>En outre, la WFOT mettra \u00e0 disposition un forum sur le site du congr\u00e8s, dans lequel les diff\u00e9rents pays ou groupes pourront se donner rendez-vous physiquement et \u00e9changer sur divers sujets (de plus amples informations suivront lors de l&rsquo;inscription au congr\u00e8s ou du t\u00e9l\u00e9chargement de l&rsquo;application du congr\u00e8s).<\/p>\n<p>Vers le site web du <a href=\"https:\/\/wfotcongress2026.org\/\">congr\u00e8s du WFOT<\/a><\/p>\n<h4><\/h4>\n<h4>Ressources et possibilit\u00e9s de formation continue<\/h4>\n<p><b>Nouvelles ressources sur la sant\u00e9 mentale: <\/b>des supports suppl\u00e9mentaires aident les ergoth\u00e9rapeutes \u00e0 fournir des soins fond\u00e9s sur des preuves dans le domaine de la sant\u00e9 mentale.<\/p>\n<p><b>Learning on TAP:<\/b> lancement le 12 d\u00e9cembre 2025<br \/>\nAvec <a href=\"https:\/\/www.gate-tap.org\/\">Learning on TAP<\/a>, l&rsquo;OMS met \u00e0 disposition une nouvelle plateforme d&rsquo;apprentissage en libre acc\u00e8s. L&rsquo;offre comprend des cours sur diff\u00e9rents th\u00e8mes li\u00e9s \u00e0 la sant\u00e9 et \u00e0 la technologie et s&rsquo;adresse en particulier aux professionnels de la sant\u00e9 primaire et communautaire, y compris les ergoth\u00e9rapeutes.<\/p>\n<p><b>Nouvelle plateforme d\u00e9di\u00e9e aux technologies d&rsquo;assistance:<\/b> d\u00e9velopp\u00e9e par ATscale, la plateforme <a href=\"https:\/\/www.atconnect.info\/\">ATConnect<\/a> offre un acc\u00e8s centralis\u00e9 \u00e0 des lignes directrices, du mat\u00e9riel de formation, des \u00e9tudes de cas et des donn\u00e9es sur les programmes mondiaux dans le domaine des technologies d&rsquo;assistance. Une carte interactive du monde facilite la recherche cibl\u00e9e de projets et de possibilit\u00e9s de coop\u00e9ration internationale.<\/p>\n<p><b>R\u00e9seau de l&rsquo;OMS pour l&rsquo;\u00e9quit\u00e9 en mati\u00e8re de sant\u00e9 des personnes handicap\u00e9es:<\/b> la WFOT est membre fondateur du nouveau r\u00e9seau de l&rsquo;OMS pour l&rsquo;\u00e9quit\u00e9 en mati\u00e8re de sant\u00e9 des personnes handicap\u00e9es. Ce r\u00e9seau s&rsquo;engage \u00e0 r\u00e9duire les in\u00e9galit\u00e9s en mati\u00e8re de sant\u00e9 entre les personnes handicap\u00e9es et la population g\u00e9n\u00e9rale. Ses priorit\u00e9s comprennent le renforcement du leadership, la promotion des priorit\u00e9s politiques, le d\u00e9veloppement de structures inclusives et la mise au point d&rsquo;outils de suivi fiables.<\/p>\n<p><b>Ressources de l&rsquo;OMS sur l&rsquo;\u00e9galit\u00e9 des chances en mati\u00e8re de sant\u00e9:<\/b> plusieurs publications r\u00e9centes de l&rsquo;OMS soutiennent les professionnels de l&rsquo;\u00e9ducation, du plaidoyer et de l&rsquo;\u00e9laboration des politiques dans le domaine de l&rsquo;\u00e9galit\u00e9 des chances en mati\u00e8re de sant\u00e9 pour les personnes handicap\u00e9es. Il s&rsquo;agit notamment des publications suivantes :<\/p>\n<ul>\n<li>Rapport mondial sur l&rsquo;\u00e9galit\u00e9 des chances en mati\u00e8re de sant\u00e9 pour les personnes handicap\u00e9es<\/li>\n<li>Strat\u00e9gie des Nations unies pour l&rsquo;inclusion des personnes handicap\u00e9es<\/li>\n<\/ul>\n        <\/div>\n    <\/div>\n<\/div>\n\n\n<div         class=\"wysiwyg padding-none  \">\n    <div class=\"container-fluid\">\n        <div class=\"wysiwyg-inner-container\">\n            <h3 id=\"Themen_FR\">Vous trouverez ici d&rsquo;autres th\u00e8mes internationaux:<\/h3>\n        <\/div>\n    <\/div>\n<\/div>\n\n\n        <div  class=\"pr-medien \">\n            <div class=\"container-fluid\">\n                                    <div class=\"one-pr-medien\">\n                        <h3>\n                            Journ\u00e9e mondiale de l\u2019ergoth\u00e9rapie, toujours le 27 octobre                        <\/h3>\n                        <p class=\"ota-excerpt\">\n                            Qu\u2019est-ce que la Journ\u00e9e mondiale de l\u2019ergoth\u00e9rapie? La Journ\u00e9e mondiale de l\u2019ergoth\u00e9rapie (ou World Occupational Therapy Day) permet d\u2019am\u00e9liorer la visibilit\u00e9 du travail de d\u00e9veloppement de la profession et d\u2019encourager les activit\u00e9s de la WFOT sur la sc\u00e8ne locale, nationale et internationale.<br \/>\r\n<br \/>\r\nLa premi\u00e8re Journ\u00e9e mondiale de l\u2019ergoth\u00e9rapie s\u2019est tenue le 27 octobre 2010. Elle est aujourd\u2019hui devenue un \u00e9v\u00e8nement incontournable du calendrier d\u2019ergoth\u00e9rapie, permettant de promouvoir et de reconnaitre la profession au niveau international.                        <\/p>\n                                <p class=\"button-wrapper\">\n                    <a href=\"https:\/\/wfot.org\/our-work\/advocacy\/world-occupational-therapy-day\" class=\"the-button\">\n            World Occupational Therapy Day        <\/a>\n            <\/p>\n                        <\/div>\n                                        <div class=\"one-pr-medien\">\n                        <h3>\n                            Outil strat\u00e9gique d\u2019\u00e9valuation de la qualit\u00e9 (OSEQ)                        <\/h3>\n                        <p class=\"ota-excerpt\">\n                            L\u2019OSEQ fournit une approche syst\u00e9matique pour utiliser des donn\u00e9es pour d\u00e9montrer la valeur de l\u2019ergoth\u00e9rapie. L\u2019OSEQ d\u00e9crit une s\u00e9rie de sept indicateurs de qualit\u00e9 en ergoth\u00e9rapie qui sont applicables \u00e0 toutes les situations dans la pratique. Les indicateurs apportent des preuves des effets positifs de l\u2019ergoth\u00e9rapie sur la sant\u00e9, de l\u2019augmentation de la satisfaction et de l\u2019optimisation de l\u2019utilisation des ressources limit\u00e9es.<br \/>\r\n<br \/>\r\nLe site de la WFOT d\u00e9crit en d\u00e9tail l\u2019OSEQ et met \u00e0 disposition des documents et feuilles de travail en diff\u00e9rentes langues.                         <\/p>\n                                <p class=\"button-wrapper\">\n                    <a href=\"https:\/\/wfot.org\/our-work\/professional-support\/quest\" class=\"the-button\">\n            En savoir plus        <\/a>\n            <\/p>\n                        <\/div>\n                                        <div class=\"one-pr-medien\">\n                        <h3>\n                            D\u00e9claration sur le racisme syst\u00e9mique                        <\/h3>\n                        <p class=\"ota-excerpt\">\n                            L\u2019ASE s\u2019inspire de la d\u00e9claration publi\u00e9e par la WFOT sur le th\u00e8me du racisme syst\u00e9mique (cf. t\u00e9l\u00e9chargements ci-dessus).<br \/>\r\n                        <\/p>\n                                <p class=\"button-wrapper\">\n                    <a href=\"https:\/\/wfot.org\/resources\/wfot-statement-on-systemic-racism\" class=\"the-button\">\n            En savoir plus        <\/a>\n            <\/p>\n                        <\/div>\n                                        <div class=\"one-pr-medien\">\n                        <h3>\n                                                    <\/h3>\n                        <p class=\"ota-excerpt\">\n                                                    <\/p>\n                                            <\/div>\n                    \n            <\/div>\n        <\/div>\n        \n\n<div         class=\"wysiwyg padding-none links-into-buttons \">\n    <div class=\"container-fluid\">\n        <div class=\"wysiwyg-inner-container\">\n            <p style=\"text-align: right;\"><a href=\"https:\/\/ergotherapie.ch\/fr\/association\/participer-activement\/delegations-internationales\/#enhaut\">Haut de la page<\/a><\/p>\n        <\/div>\n    <\/div>\n<\/div>\n\n\n        <div  class=\"pre-footer-grid \">\n            <div class=\"container-fluid\">\n                <div class=\"row row-spaced\">\n                                            <div class=\"col-lg-3 col-md-4 col-sm-6\">\n                            <div class=\"one-pre-footer-grid\">\n                                <div>\n                                    <p class=\"one-pfg-icon\">\n                                        <?xml version=\"1.0\" encoding=\"utf-8\"?>\n<svg id=\"644Icon_Kursangebot\" data-name=\"Icon Kursangebot\" xmlns=\"http:\/\/www.w3.org\/2000\/svg\" xmlns:xlink=\"http:\/\/www.w3.org\/1999\/xlink\" width=\"138.686\" height=\"102.621\" viewBox=\"0 0 138.686 102.621\">\n  <defs>\n    <clipPath id=\"644clip-path\">\n      <rect id=\"644Rectangle_334\" data-name=\"Rectangle 334\" width=\"138.686\" height=\"102.621\" fill=\"none\" stroke=\"#e1077c\" stroke-width=\"1\"\/>\n    <\/clipPath>\n  <\/defs>\n  <g id=\"644Group_1023\" data-name=\"Group 1023\" clip-path=\"url(#644clip-path)\">\n    <path id=\"644Path_991\" data-name=\"Path 991\" d=\"M38.489,61.233V96.256S47.427,116.5,79.986,117c0,.264,33.281-1.676,40.516-19.764v-36\" transform=\"translate(-10.641 -16.93)\" fill=\"none\" stroke=\"#e1077c\" stroke-miterlimit=\"10\" stroke-width=\"7\"\/>\n    <path id=\"644Path_992\" data-name=\"Path 992\" d=\"M95.165,44.51l55.44,6.065V106.59\" transform=\"translate(-26.311 -12.306)\" fill=\"none\" stroke=\"#e1077c\" stroke-miterlimit=\"10\" stroke-width=\"7\"\/>\n    <path id=\"644Path_993\" data-name=\"Path 993\" d=\"M69.918,63.53,3.547,34.045a.079.079,0,0,1,0-.145L69.917,3.507a.074.074,0,0,1,.065,0L137.074,33.9a.079.079,0,0,1,0,.145L69.981,63.53A.075.075,0,0,1,69.918,63.53Z\" transform=\"translate(-0.968 -0.968)\" fill=\"none\" stroke=\"#e1077c\" stroke-miterlimit=\"10\" stroke-width=\"7\"\/>\n  <\/g>\n<\/svg>\n                                    <\/p>\n                                    <p class=\"one-pfg-title\">\n                                        Offre de cours                                    <\/p>\n                                                                            <p class=\"one-pfg-text small-font-size mb_0\">\n                                            D\u00e9couvrez le large \u00e9ventail de formations et de formations continues propos\u00e9es par l&rsquo;ASE et inscrivez-vous d\u00e8s maintenant en ligne.<br \/>\r\n<br \/>\r\n                                        <\/p>\n                                                                    <\/div>\n                                <div>\n                                    <p class=\"one-pfg-button\">\n                                                <a href=\"\/fr\/formation\/formations-continues-et-perfectionnements\/\" class=\"the-button\">\n            En savoir plus        <\/a>\n                                        <\/p>\n                                <\/div>\n                            <\/div>\n                        <\/div>\n                                                <div class=\"col-lg-3 col-md-4 col-sm-6\">\n                            <div class=\"one-pre-footer-grid\">\n                                <div>\n                                    <p class=\"one-pfg-icon\">\n                                        <?xml version=\"1.0\" encoding=\"utf-8\"?>\n<svg xmlns=\"http:\/\/www.w3.org\/2000\/svg\" width=\"83.224\" height=\"96.598\" viewBox=\"0 0 83.224 96.598\">\n  <g id=\"7716Icon_Ergotherapeut_in_finden\" data-name=\"Icon Ergotherapeut*in finden\" transform=\"translate(3.5 3.5)\">\n    <circle id=\"7716Ellipse_74\" data-name=\"Ellipse 74\" cx=\"33.658\" cy=\"33.658\" r=\"33.658\" fill=\"none\" stroke=\"#e1077c\" stroke-miterlimit=\"10\" stroke-width=\"7\"\/>\n    <path id=\"7716Path_1045\" data-name=\"Path 1045\" d=\"M49,15.5A24.78,24.78,0,0,1,73.781,40.281\" transform=\"translate(-17.343 -4.623)\" fill=\"none\" stroke=\"#e1077c\" stroke-miterlimit=\"10\" stroke-width=\"7\"\/>\n    <line id=\"7716Line_83\" data-name=\"Line 83\" x2=\"22.932\" y2=\"30.329\" transform=\"translate(54 60.658)\" fill=\"none\" stroke=\"#e1077c\" stroke-miterlimit=\"10\" stroke-width=\"7\"\/>\n  <\/g>\n<\/svg>\n                                    <\/p>\n                                    <p class=\"one-pfg-title\">\n                                        Trouver un\u00b7e ergoth\u00e9rapeute                                    <\/p>\n                                                                            <p class=\"one-pfg-text small-font-size mb_0\">\n                                            Trouvez un\u00b7e ergoth\u00e9rapeute pr\u00e8s de chez vous.<br \/>\r\n<br \/>\r\n                                        <\/p>\n                                                                    <\/div>\n                                <div>\n                                    <p class=\"one-pfg-button\">\n                                                <a href=\"\/fr\/ergotherapie\/trouver-un-ergotherapeute\/\" class=\"the-button\">\n             En savoir plus        <\/a>\n                                        <\/p>\n                                <\/div>\n                            <\/div>\n                        <\/div>\n                                                <div class=\"col-lg-3 col-md-4 col-sm-6\">\n                            <div class=\"one-pre-footer-grid\">\n                                <div>\n                                    <p class=\"one-pfg-icon\">\n                                        <?xml version=\"1.0\" encoding=\"utf-8\"?>\n<svg xmlns=\"http:\/\/www.w3.org\/2000\/svg\" width=\"113.696\" height=\"103.026\" viewBox=\"0 0 113.696 103.026\">\n  <g id=\"5437icon_Stelleninserate\" data-name=\"icon Stelleninserate\" transform=\"translate(3.5 3.5)\">\n    <rect id=\"5437Rectangle_359\" data-name=\"Rectangle 359\" width=\"106.696\" height=\"79.034\" transform=\"translate(0 16.992)\" fill=\"none\" stroke=\"#e1077c\" stroke-miterlimit=\"10\" stroke-width=\"7\"\/>\n    <path id=\"5437Path_1046\" data-name=\"Path 1046\" d=\"M43.542,64.122H19.1L4.84,25.966A.715.715,0,0,1,5.509,25h100a3.928,3.928,0,0,1,3.679,5.3L96.553,64.122H70.764\" transform=\"translate(-3.771 -8.008)\" fill=\"none\" stroke=\"#e1077c\" stroke-miterlimit=\"10\" stroke-width=\"7\"\/>\n    <rect id=\"5437Rectangle_360\" data-name=\"Rectangle 360\" width=\"28.452\" height=\"15.016\" transform=\"translate(39.122 49.791)\" fill=\"none\" stroke=\"#e1077c\" stroke-miterlimit=\"10\" stroke-width=\"7\"\/>\n    <path id=\"5437Path_1047\" data-name=\"Path 1047\" d=\"M44.5,22.073V11.008A7.508,7.508,0,0,1,52.008,3.5H78.88a7.508,7.508,0,0,1,7.508,7.508V22.073\" transform=\"translate(-12.096 -3.5)\" fill=\"none\" stroke=\"#e1077c\" stroke-miterlimit=\"10\" stroke-width=\"7\"\/>\n  <\/g>\n<\/svg>\n                                    <\/p>\n                                    <p class=\"one-pfg-title\">\n                                        Offres d&#8217;emploi                                    <\/p>\n                                                                            <p class=\"one-pfg-text small-font-size mb_0\">\n                                            Postulez \u00e0 un emploi qui vous convient. Vous trouverez ici les offres d&#8217;emploi actuelles.<br \/>\r\n<br \/>\r\n<br \/>\r\n                                        <\/p>\n                                                                    <\/div>\n                                <div>\n                                    <p class=\"one-pfg-button\">\n                                                <a href=\"\/fr\/exercice-de-la-profession\/stelleninserate\/\" class=\"the-button\">\n            En savoir plus        <\/a>\n                                        <\/p>\n                                <\/div>\n                            <\/div>\n                        <\/div>\n                                                <div class=\"col-lg-3 col-md-4 col-sm-6\">\n                            <div class=\"one-pre-footer-grid\">\n                                <div>\n                                    <p class=\"one-pfg-icon\">\n                                        <?xml version=\"1.0\" encoding=\"utf-8\"?>\n<svg id=\"4099icon_Verordnung_Ergotherapie\" data-name=\"icon Verordnung  Ergotherapie\" xmlns=\"http:\/\/www.w3.org\/2000\/svg\" xmlns:xlink=\"http:\/\/www.w3.org\/1999\/xlink\" width=\"129.594\" height=\"127.813\" viewBox=\"0 0 129.594 127.813\">\n  <defs>\n    <clipPath id=\"4099clip-path\">\n      <rect id=\"4099Rectangle_337\" data-name=\"Rectangle 337\" width=\"129.594\" height=\"127.813\" fill=\"none\" stroke=\"#e1077c\" stroke-width=\"1\"\/>\n    <\/clipPath>\n  <\/defs>\n  <g id=\"4099Group_1026\" data-name=\"Group 1026\">\n    <g id=\"4099Group_1025\" data-name=\"Group 1025\" clip-path=\"url(#4099clip-path)\">\n      <path id=\"4099Path_996\" data-name=\"Path 996\" d=\"M101.522,99.942v24.644H3.5V3.5h98.022V33.772\" transform=\"translate(-0.137 -0.137)\" fill=\"none\" stroke=\"#e1077c\" stroke-miterlimit=\"10\" stroke-width=\"7\"\/>\n    <\/g>\n  <\/g>\n  <line id=\"4099Line_68\" data-name=\"Line 68\" x2=\"33.701\" transform=\"translate(30.141 69.673)\" fill=\"none\" stroke=\"#e1077c\" stroke-miterlimit=\"10\" stroke-width=\"7\"\/>\n  <line id=\"4099Line_69\" data-name=\"Line 69\" x1=\"4.11\" transform=\"translate(15.205 69.673)\" fill=\"none\" stroke=\"#e1077c\" stroke-miterlimit=\"10\" stroke-width=\"7\"\/>\n  <line id=\"4099Line_70\" data-name=\"Line 70\" x2=\"33.701\" transform=\"translate(30.652 84.086)\" fill=\"none\" stroke=\"#e1077c\" stroke-miterlimit=\"10\" stroke-width=\"7\"\/>\n  <line id=\"4099Line_71\" data-name=\"Line 71\" x1=\"4.11\" transform=\"translate(15.616 84.086)\" fill=\"none\" stroke=\"#e1077c\" stroke-miterlimit=\"10\" stroke-width=\"7\"\/>\n  <line id=\"4099Line_72\" data-name=\"Line 72\" x1=\"4.11\" transform=\"translate(15.616 97.541)\" fill=\"none\" stroke=\"#e1077c\" stroke-miterlimit=\"10\" stroke-width=\"7\"\/>\n  <line id=\"4099Line_73\" data-name=\"Line 73\" x2=\"33.701\" transform=\"translate(30.652 97.541)\" fill=\"none\" stroke=\"#e1077c\" stroke-miterlimit=\"10\" stroke-width=\"7\"\/>\n  <line id=\"4099Line_74\" data-name=\"Line 74\" x1=\"12.741\" transform=\"translate(51.89 113.428)\" fill=\"none\" stroke=\"#e1077c\" stroke-miterlimit=\"10\" stroke-width=\"7\"\/>\n  <g id=\"4099Group_1028\" data-name=\"Group 1028\">\n    <g id=\"4099Group_1027\" data-name=\"Group 1027\" clip-path=\"url(#4099clip-path)\">\n      <circle id=\"4099Ellipse_68\" data-name=\"Ellipse 68\" cx=\"20.661\" cy=\"20.661\" r=\"20.661\" transform=\"translate(31.231 16.817)\" fill=\"none\" stroke=\"#e1077c\" stroke-miterlimit=\"10\" stroke-width=\"7\"\/>\n      <path id=\"4099Path_997\" data-name=\"Path 997\" d=\"M39.5,52.176a15.085,15.085,0,0,1,13.948-7.971c5.739,0,10.792,2.2,13.317,7.971\" transform=\"translate(-1.541 -1.724)\" fill=\"none\" stroke=\"#e1077c\" stroke-miterlimit=\"10\" stroke-width=\"7\"\/>\n      <path id=\"4099Path_998\" data-name=\"Path 998\" d=\"M60.866,34.668c0,4.511-3.227,8.168-7.207,8.168s-7.207-3.658-7.207-8.168S49.679,26.5,53.659,26.5,60.866,30.158,60.866,34.668Z\" transform=\"translate(-1.812 -1.034)\" fill=\"none\" stroke=\"#e1077c\" stroke-miterlimit=\"10\" stroke-width=\"7\"\/>\n      <path id=\"4099Path_999\" data-name=\"Path 999\" d=\"M82.706,104.02l2.323-16.637,31.9-52.935L128.2,41.243,96.106,94.5Z\" transform=\"translate(-3.226 -1.344)\" fill=\"none\" stroke=\"#e1077c\" stroke-miterlimit=\"10\" stroke-width=\"7\"\/>\n      <line id=\"4099Line_75\" data-name=\"Line 75\" x2=\"11.273\" y2=\"6.794\" transform=\"translate(105.691 46.4)\" fill=\"none\" stroke=\"#e1077c\" stroke-miterlimit=\"10\" stroke-width=\"7\"\/>\n      <line id=\"4099Line_76\" data-name=\"Line 76\" x2=\"11.273\" y2=\"6.794\" transform=\"translate(83.436 83.588)\" fill=\"none\" stroke=\"#e1077c\" stroke-miterlimit=\"10\" stroke-width=\"7\"\/>\n    <\/g>\n  <\/g>\n<\/svg>\n                                    <\/p>\n                                    <p class=\"one-pfg-title\">\n                                        Prescription d&rsquo;ergoth\u00e9rapie                                    <\/p>\n                                                                            <p class=\"one-pfg-text small-font-size mb_0\">\n                                            Pour les m\u00e9decins : t\u00e9l\u00e9chargez ici le formulaire de prescription d&rsquo;ergoth\u00e9rapie.<br \/>\r\n<br \/>\r\n                                        <\/p>\n                                                                    <\/div>\n                                <div>\n                                    <p class=\"one-pfg-button\">\n                                                <a href=\"https:\/\/ergotherapie.ch\/fr\/ordonnance\/\" class=\"the-button\">\n             En savoir plus        <\/a>\n                                        <\/p>\n                                <\/div>\n                            <\/div>\n                        <\/div>\n                                        <\/div>\n            <\/div>\n        <\/div>\n        ","protected":false},"excerpt":{"rendered":"","protected":false},"author":6,"featured_media":0,"parent":6712,"menu_order":0,"comment_status":"closed","ping_status":"closed","template":"","meta":{"_acf_changed":false,"footnotes":""},"class_list":["post-6710","page","type-page","status-publish","hentry"],"acf":[],"yoast_head":"<!-- This site is optimized with the Yoast SEO Premium plugin v27.4 (Yoast SEO v27.4) - https:\/\/yoast.com\/product\/yoast-seo-premium-wordpress\/ -->\n<title>D\u00e9l\u00e9gations internationales - Ergotherapie-Verband<\/title>\n<meta name=\"robots\" content=\"index, follow, max-snippet:-1, max-image-preview:large, max-video-preview:-1\" \/>\n<link rel=\"canonical\" href=\"https:\/\/ergotherapie.ch\/fr\/association\/participer-activement\/delegations-internationales\/\" \/>\n<meta property=\"og:locale\" content=\"fr_FR\" \/>\n<meta property=\"og:type\" content=\"article\" \/>\n<meta property=\"og:title\" content=\"D\u00e9l\u00e9gations internationales\" \/>\n<meta property=\"og:url\" content=\"https:\/\/ergotherapie.ch\/fr\/association\/participer-activement\/delegations-internationales\/\" \/>\n<meta property=\"og:site_name\" content=\"Ergotherapie-Verband\" \/>\n<meta property=\"article:modified_time\" content=\"2026-03-25T13:21:42+00:00\" \/>\n<meta name=\"twitter:card\" content=\"summary_large_image\" \/>\n<script type=\"application\/ld+json\" class=\"yoast-schema-graph\">{\"@context\":\"https:\\\/\\\/schema.org\",\"@graph\":[{\"@type\":\"WebPage\",\"@id\":\"https:\\\/\\\/ergotherapie.ch\\\/fr\\\/association\\\/participer-activement\\\/delegations-internationales\\\/\",\"url\":\"https:\\\/\\\/ergotherapie.ch\\\/fr\\\/association\\\/participer-activement\\\/delegations-internationales\\\/\",\"name\":\"D\u00e9l\u00e9gations internationales - Ergotherapie-Verband\",\"isPartOf\":{\"@id\":\"https:\\\/\\\/ergotherapie.ch\\\/fr\\\/#website\"},\"datePublished\":\"2024-12-23T20:25:05+00:00\",\"dateModified\":\"2026-03-25T13:21:42+00:00\",\"breadcrumb\":{\"@id\":\"https:\\\/\\\/ergotherapie.ch\\\/fr\\\/association\\\/participer-activement\\\/delegations-internationales\\\/#breadcrumb\"},\"inLanguage\":\"fr-FR\",\"potentialAction\":[{\"@type\":\"ReadAction\",\"target\":[\"https:\\\/\\\/ergotherapie.ch\\\/fr\\\/association\\\/participer-activement\\\/delegations-internationales\\\/\"]}]},{\"@type\":\"BreadcrumbList\",\"@id\":\"https:\\\/\\\/ergotherapie.ch\\\/fr\\\/association\\\/participer-activement\\\/delegations-internationales\\\/#breadcrumb\",\"itemListElement\":[{\"@type\":\"ListItem\",\"position\":1,\"name\":\"Home\",\"item\":\"https:\\\/\\\/ergotherapie.ch\\\/fr\\\/\"},{\"@type\":\"ListItem\",\"position\":2,\"name\":\"Association\",\"item\":\"https:\\\/\\\/ergotherapie.ch\\\/fr\\\/association\\\/\"},{\"@type\":\"ListItem\",\"position\":3,\"name\":\"Participer activement\",\"item\":\"https:\\\/\\\/ergotherapie.ch\\\/fr\\\/association\\\/participer-activement\\\/\"},{\"@type\":\"ListItem\",\"position\":4,\"name\":\"D\u00e9l\u00e9gations internationales\"}]},{\"@type\":\"WebSite\",\"@id\":\"https:\\\/\\\/ergotherapie.ch\\\/fr\\\/#website\",\"url\":\"https:\\\/\\\/ergotherapie.ch\\\/fr\\\/\",\"name\":\"Ergotherapie-Verband\",\"description\":\"\",\"potentialAction\":[{\"@type\":\"SearchAction\",\"target\":{\"@type\":\"EntryPoint\",\"urlTemplate\":\"https:\\\/\\\/ergotherapie.ch\\\/fr\\\/?s={search_term_string}\"},\"query-input\":{\"@type\":\"PropertyValueSpecification\",\"valueRequired\":true,\"valueName\":\"search_term_string\"}}],\"inLanguage\":\"fr-FR\"}]}<\/script>\n<!-- \/ Yoast SEO Premium plugin. -->","yoast_head_json":{"title":"D\u00e9l\u00e9gations internationales - Ergotherapie-Verband","robots":{"index":"index","follow":"follow","max-snippet":"max-snippet:-1","max-image-preview":"max-image-preview:large","max-video-preview":"max-video-preview:-1"},"canonical":"https:\/\/ergotherapie.ch\/fr\/association\/participer-activement\/delegations-internationales\/","og_locale":"fr_FR","og_type":"article","og_title":"D\u00e9l\u00e9gations internationales","og_url":"https:\/\/ergotherapie.ch\/fr\/association\/participer-activement\/delegations-internationales\/","og_site_name":"Ergotherapie-Verband","article_modified_time":"2026-03-25T13:21:42+00:00","twitter_card":"summary_large_image","schema":{"@context":"https:\/\/schema.org","@graph":[{"@type":"WebPage","@id":"https:\/\/ergotherapie.ch\/fr\/association\/participer-activement\/delegations-internationales\/","url":"https:\/\/ergotherapie.ch\/fr\/association\/participer-activement\/delegations-internationales\/","name":"D\u00e9l\u00e9gations internationales - Ergotherapie-Verband","isPartOf":{"@id":"https:\/\/ergotherapie.ch\/fr\/#website"},"datePublished":"2024-12-23T20:25:05+00:00","dateModified":"2026-03-25T13:21:42+00:00","breadcrumb":{"@id":"https:\/\/ergotherapie.ch\/fr\/association\/participer-activement\/delegations-internationales\/#breadcrumb"},"inLanguage":"fr-FR","potentialAction":[{"@type":"ReadAction","target":["https:\/\/ergotherapie.ch\/fr\/association\/participer-activement\/delegations-internationales\/"]}]},{"@type":"BreadcrumbList","@id":"https:\/\/ergotherapie.ch\/fr\/association\/participer-activement\/delegations-internationales\/#breadcrumb","itemListElement":[{"@type":"ListItem","position":1,"name":"Home","item":"https:\/\/ergotherapie.ch\/fr\/"},{"@type":"ListItem","position":2,"name":"Association","item":"https:\/\/ergotherapie.ch\/fr\/association\/"},{"@type":"ListItem","position":3,"name":"Participer activement","item":"https:\/\/ergotherapie.ch\/fr\/association\/participer-activement\/"},{"@type":"ListItem","position":4,"name":"D\u00e9l\u00e9gations internationales"}]},{"@type":"WebSite","@id":"https:\/\/ergotherapie.ch\/fr\/#website","url":"https:\/\/ergotherapie.ch\/fr\/","name":"Ergotherapie-Verband","description":"","potentialAction":[{"@type":"SearchAction","target":{"@type":"EntryPoint","urlTemplate":"https:\/\/ergotherapie.ch\/fr\/?s={search_term_string}"},"query-input":{"@type":"PropertyValueSpecification","valueRequired":true,"valueName":"search_term_string"}}],"inLanguage":"fr-FR"}]}},"_links":{"self":[{"href":"https:\/\/ergotherapie.ch\/fr\/wp-json\/wp\/v2\/pages\/6710","targetHints":{"allow":["GET"]}}],"collection":[{"href":"https:\/\/ergotherapie.ch\/fr\/wp-json\/wp\/v2\/pages"}],"about":[{"href":"https:\/\/ergotherapie.ch\/fr\/wp-json\/wp\/v2\/types\/page"}],"author":[{"embeddable":true,"href":"https:\/\/ergotherapie.ch\/fr\/wp-json\/wp\/v2\/users\/6"}],"replies":[{"embeddable":true,"href":"https:\/\/ergotherapie.ch\/fr\/wp-json\/wp\/v2\/comments?post=6710"}],"version-history":[{"count":36,"href":"https:\/\/ergotherapie.ch\/fr\/wp-json\/wp\/v2\/pages\/6710\/revisions"}],"predecessor-version":[{"id":22572,"href":"https:\/\/ergotherapie.ch\/fr\/wp-json\/wp\/v2\/pages\/6710\/revisions\/22572"}],"up":[{"embeddable":true,"href":"https:\/\/ergotherapie.ch\/fr\/wp-json\/wp\/v2\/pages\/6712"}],"wp:attachment":[{"href":"https:\/\/ergotherapie.ch\/fr\/wp-json\/wp\/v2\/media?parent=6710"}],"curies":[{"name":"wp","href":"https:\/\/api.w.org\/{rel}","templated":true}]}}