{"id":6757,"date":"2024-12-23T22:30:30","date_gmt":"2024-12-23T20:30:30","guid":{"rendered":"https:\/\/dev.ergo.bertaeins.ch\/formation\/formations-continues-et-perfectionnements\/"},"modified":"2026-03-05T11:43:14","modified_gmt":"2026-03-05T09:43:14","slug":"formations-continues-et-perfectionnements","status":"publish","type":"page","link":"https:\/\/ergotherapie.ch\/fr\/formation\/formations-continues-et-perfectionnements\/","title":{"rendered":"Offre cours de perfectionnement de l&rsquo;ASE"},"content":{"rendered":"<div  class=\"inner-page-hero \">\n    <div class=\"container-fluid\">\n        <div class=\"inner-page-hero-inner-container\">\n            <div class=\"inner-page-hero-picture \">\n                                    <div style=\"background-image: url('https:\/\/ergotherapie.ch\/wp-content\/uploads\/2025\/02\/Flyer-2026_AS_1541494339-1-scaled.jpeg')\">\n                        <img decoding=\"async\" width=\"189\" height=\"189\" loading=\"lazy\"\n                             src=\"https:\/\/ergotherapie.ch\/wp-content\/themes\/ergo-theme\/assets\/images\/person_photo_placeholder_cutted.png\" alt=\"Placeholder\" class=\"img-fluid\"\/>\n                    <\/div>\n                            <\/div>\n            <div class=\"inner-page-content \">\n                <h2>Formation continue<\/h2>\n<p>La formation continue est primordiale en ergoth\u00e9rapie afin de rester \u00e0 jour d\u2019un point de vue sp\u00e9cialis\u00e9 et m\u00e9thodique, pour pouvoir se sp\u00e9cialiser dans un domaine ou encore pour prendre en charge de nouvelles fonctions. L\u2019ASE propose pour cela un <a href=\"#cours\">programme de cours de perfectionnement<\/a> tr\u00e8s vari\u00e9 .<\/p>\n<p>Notez que de nombreuses parties de l\u2019offre de cours de l\u2019ASE peuvent \u00eatre compt\u00e9es pour <a href=\"https:\/\/ergotherapie.ch\/fr\/formation\/obtention-a-posteriori-du-titre\/\">l\u2019obtention a posteriori du titre<\/a>.<\/p>\n                            <\/div>\n        <\/div>\n    <\/div>\n<\/div>\n\n\n<div         class=\"wysiwyg padding-medium links-into-buttons \">\n    <div class=\"container-fluid\">\n        <div class=\"wysiwyg-inner-container\">\n            <h3>Obligation de formation continue<\/h3>\n<p>Tou\u00b7te\u00b7s les ergoth\u00e9rapeutes facturant des prestations avec la convention CTM (<!--StartFragment --><span class=\"cf0\">Commission des Tarifs M\u00e9dicaux LAA)<\/span>\u00a0(AI, AA, AM) doivent suivre une formation d\u2019au moins 16 heures par ann\u00e9e civile. Toutes les formations propos\u00e9es par l\u2019ASE sont reconnues par la CTM.<\/p>\n<p>&nbsp;<\/p>\n<p><strong>Formations de perfectionnement en ligne<\/strong><br \/>\nLes m\u00eames crit\u00e8res de reconnaissance s\u2019appliquent aux cours de perfectionnement en ligne et aux cours de perfectionnement en pr\u00e9sentiel.<\/p>\n<p>&nbsp;<\/p>\n<p><strong>Cercles de qualit\u00e9<\/strong><\/p>\n<p>La participation \u00e0 un cercle de qualit\u00e9 peut permettre d\u2019enregistrer la moiti\u00e9 des heures (8 max.).<br \/>\nUn cours de base pour mod\u00e9rateur\u00b7rice de cercle de qualit\u00e9 vous int\u00e9resse?<\/p>\n<p><a href=\"https:\/\/www.sgaim.ch\/fr\/themen\/qualite\/cercles-de-qualite\/cours-de-base\" target=\"_blank\" rel=\"noopener\">Plus d\u2019infos sur le r\u00f4le de mod\u00e9rateur\u00b7rice de cercle de qualit\u00e9<\/a><\/p>\n<p>&nbsp;<\/p>\n        <\/div>\n    <\/div>\n<\/div>\n\n\n    <div class=\"section-downloads \">\n        <div class=\"container-fluid\">\n                                        <h2 class=\"downloads-title\">\n                    T\u00e9l\u00e9chargements                <\/h2>\n\n                                                    \n                <div class=\"downloads-feed\">\n                                            <div class=\"one-download\">\n                            <div>\n                                <strong>\n                                                                        <a target=\"_blank\"\n                                       class=\"the-download-lik \"\n                                       href=\"https:\/\/ergotherapie.ch\/fr\/?download_file=7059\">\n                                        Crit\u00e8res pour la formation continue                                    <\/a>\n                                <\/strong>\n                            <\/div>\n                            <div>\n                                <strong>\n                                    pdf                                <\/strong>\n                            <\/div>\n                            <div>\n                                                                    <a target=\"_blank\"\n                                       href=\"https:\/\/ergotherapie.ch\/fr\/?download_file=7059\">\n                                        <svg id=\"9273Group_1085\" data-name=\"Group 1085\" xmlns=\"http:\/\/www.w3.org\/2000\/svg\" xmlns:xlink=\"http:\/\/www.w3.org\/1999\/xlink\" width=\"30.5\" height=\"39.5\" viewBox=\"0 0 30.5 39.5\">\n  <defs>\n    <clipPath id=\"9273clip-path\">\n      <rect id=\"9273Rectangle_357\" data-name=\"Rectangle 357\" width=\"30.5\" height=\"39.5\" fill=\"none\"\/>\n    <\/clipPath>\n  <\/defs>\n  <g id=\"9273Group_1083\" data-name=\"Group 1083\" clip-path=\"url(#9273clip-path)\">\n    <path id=\"9273Path_1043\" data-name=\"Path 1043\" d=\"M26.948,19.7,15.219,31.427,3.495,19.7\" fill=\"none\" stroke=\"#d3006a\" stroke-miterlimit=\"10\" stroke-width=\"2.5\"\/>\n    <line id=\"9273Line_79\" data-name=\"Line 79\" y2=\"30.5\" transform=\"translate(15.221)\" fill=\"none\" stroke=\"#d3006a\" stroke-miterlimit=\"10\" stroke-width=\"2.5\"\/>\n    <line id=\"9273Line_80\" data-name=\"Line 80\" x1=\"30.5\" transform=\"translate(0 38.25)\" fill=\"none\" stroke=\"#d3006a\" stroke-miterlimit=\"10\" stroke-width=\"2.5\"\/>\n  <\/g>\n<\/svg>\n                                    <\/a>\n                                                                <\/div>\n                        <\/div>\n                                                <div class=\"one-download\">\n                            <div>\n                                <strong>\n                                                                        <a target=\"_blank\"\n                                       class=\"the-download-lik \"\n                                       href=\"https:\/\/ergotherapie.ch\/fr\/?download_file=7064\">\n                                        Liste d&rsquo;enregistrement des formations continues                                    <\/a>\n                                <\/strong>\n                            <\/div>\n                            <div>\n                                <strong>\n                                    xlsx                                <\/strong>\n                            <\/div>\n                            <div>\n                                                                    <a target=\"_blank\"\n                                       href=\"https:\/\/ergotherapie.ch\/fr\/?download_file=7064\">\n                                        <svg id=\"4112Group_1085\" data-name=\"Group 1085\" xmlns=\"http:\/\/www.w3.org\/2000\/svg\" xmlns:xlink=\"http:\/\/www.w3.org\/1999\/xlink\" width=\"30.5\" height=\"39.5\" viewBox=\"0 0 30.5 39.5\">\n  <defs>\n    <clipPath id=\"4112clip-path\">\n      <rect id=\"4112Rectangle_357\" data-name=\"Rectangle 357\" width=\"30.5\" height=\"39.5\" fill=\"none\"\/>\n    <\/clipPath>\n  <\/defs>\n  <g id=\"4112Group_1083\" data-name=\"Group 1083\" clip-path=\"url(#4112clip-path)\">\n    <path id=\"4112Path_1043\" data-name=\"Path 1043\" d=\"M26.948,19.7,15.219,31.427,3.495,19.7\" fill=\"none\" stroke=\"#d3006a\" stroke-miterlimit=\"10\" stroke-width=\"2.5\"\/>\n    <line id=\"4112Line_79\" data-name=\"Line 79\" y2=\"30.5\" transform=\"translate(15.221)\" fill=\"none\" stroke=\"#d3006a\" stroke-miterlimit=\"10\" stroke-width=\"2.5\"\/>\n    <line id=\"4112Line_80\" data-name=\"Line 80\" x1=\"30.5\" transform=\"translate(0 38.25)\" fill=\"none\" stroke=\"#d3006a\" stroke-miterlimit=\"10\" stroke-width=\"2.5\"\/>\n  <\/g>\n<\/svg>\n                                    <\/a>\n                                                                <\/div>\n                        <\/div>\n                                                <div class=\"one-download\">\n                            <div>\n                                <strong>\n                                                                        <a target=\"_blank\"\n                                       class=\"the-download-lik \"\n                                       href=\"https:\/\/ergotherapie.ch\/fr\/?download_file=19125\">\n                                        Liste der aktuellen Qualit\u00e4tszirkel \/ Aper\u00e7u des cercles de qualit\u00e9 (03|2026)                                    <\/a>\n                                <\/strong>\n                            <\/div>\n                            <div>\n                                <strong>\n                                    pdf                                <\/strong>\n                            <\/div>\n                            <div>\n                                                                    <a target=\"_blank\"\n                                       href=\"https:\/\/ergotherapie.ch\/fr\/?download_file=19125\">\n                                        <svg id=\"7088Group_1085\" data-name=\"Group 1085\" xmlns=\"http:\/\/www.w3.org\/2000\/svg\" xmlns:xlink=\"http:\/\/www.w3.org\/1999\/xlink\" width=\"30.5\" height=\"39.5\" viewBox=\"0 0 30.5 39.5\">\n  <defs>\n    <clipPath id=\"7088clip-path\">\n      <rect id=\"7088Rectangle_357\" data-name=\"Rectangle 357\" width=\"30.5\" height=\"39.5\" fill=\"none\"\/>\n    <\/clipPath>\n  <\/defs>\n  <g id=\"7088Group_1083\" data-name=\"Group 1083\" clip-path=\"url(#7088clip-path)\">\n    <path id=\"7088Path_1043\" data-name=\"Path 1043\" d=\"M26.948,19.7,15.219,31.427,3.495,19.7\" fill=\"none\" stroke=\"#d3006a\" stroke-miterlimit=\"10\" stroke-width=\"2.5\"\/>\n    <line id=\"7088Line_79\" data-name=\"Line 79\" y2=\"30.5\" transform=\"translate(15.221)\" fill=\"none\" stroke=\"#d3006a\" stroke-miterlimit=\"10\" stroke-width=\"2.5\"\/>\n    <line id=\"7088Line_80\" data-name=\"Line 80\" x1=\"30.5\" transform=\"translate(0 38.25)\" fill=\"none\" stroke=\"#d3006a\" stroke-miterlimit=\"10\" stroke-width=\"2.5\"\/>\n  <\/g>\n<\/svg>\n                                    <\/a>\n                                                                <\/div>\n                        <\/div>\n                                        <\/div>\n                                <p class=\"downloads-not-found\">\n                    Aucun t\u00e9l\u00e9chargement trouv\u00e9                <\/p>\n                    <\/div>\n    <\/div>\n\n\n<div         class=\"wysiwyg padding-medium links-into-buttons \">\n    <div class=\"container-fluid\">\n        <div class=\"wysiwyg-inner-container\">\n            <h2 id=\"cours\">Cours ASE<\/h2>\n        <\/div>\n    <\/div>\n<\/div>\n\n\n        <div  class=\"section-calendar section-courses \">\n            <div class=\"container-fluid\">\n                <div class=\"calendar-top\">\n                    <h2>2026<\/h2>\n                <\/div>\n                <div class=\"calendar-wrapper\">\n                                            <div class=\"one-calendar \">\n                            <div>\n                                                                    <p class=\"oc-course-number\">\n                                        N\u00b0: 4.26                                    <\/p>\n                                                                <p class=\"oc-dates small-font-size\">\n                                    6 et 20 mars 2026                                <\/p>\n                                <p class=\"oc-name\">\n                                    <a href=\"https:\/\/ergotherapie.ch\/fr\/courses\/journal-creatif-et-soulcollage-deux-outils-creatifs-pour-accompagner-des-patients-en-ergotherapie\/\">\n                                        Journal cr\u00e9atif \u00ae et SoulCollage\u00ae ? Deux outils cr\u00e9atifs pour accompagner des patients en ergoth\u00e9rapie                                    <\/a>\n                                <\/p>\n                                <p class=\"oc-data small-font-size\">\n                                                                            <span>\n                                    Lieu: <b>Neuch\u00e2tel<\/b>\n                                <\/span>\n                                                                                                                <span>\n                        Prix membre:\n                                            <b>450<\/b>\n                                <\/span>\n                                                                                                                <span>\n                                    Prix non-membre:\n                                            <b>550<\/b>\n                                <\/span>\n                                                                    <\/p>\n                            <\/div>\n                            <div>\n                                <a href=\"https:\/\/ergotherapie.ch\/fr\/courses\/journal-creatif-et-soulcollage-deux-outils-creatifs-pour-accompagner-des-patients-en-ergotherapie\/\" class=\"the-button\">\n                                    En savoir plus                                <\/a>\n                                                                    <a\n                                            href=\"https:\/\/ergotherapie.ch\/fr\/inscription-aux-cours\/?title=17811\"\n                                            class=\"the-button not-active\">\n                                        Inscription                                    <\/a>\n\n                                    <div class=\"course-note-wrapper\">\n                                        \n                                                                                                                                <p class=\"oc-cancelled small-font-size\">\n                                                Complet                                            <\/p>\n                                        \n                                                                            <\/div>\n                                                                <\/div>\n                        <\/div>\n                                                <div class=\"one-calendar \">\n                            <div>\n                                                                    <p class=\"oc-course-number\">\n                                        N\u00b0: 5.26                                    <\/p>\n                                                                <p class=\"oc-dates small-font-size\">\n                                    11, 12 et 13 mars 2026                                <\/p>\n                                <p class=\"oc-name\">\n                                    <a href=\"https:\/\/ergotherapie.ch\/fr\/courses\/accompagner-les-enfants-autistes-dans-les-habiletes-sociales-experimentation-animation-et-gestion-de-groupe\/\">\n                                        Accompagner les enfants autistes dans les habilet\u00e9s sociales \u2013 exp\u00e9rimentation, animation et gestion de groupe                                    <\/a>\n                                <\/p>\n                                <p class=\"oc-data small-font-size\">\n                                                                            <span>\n                                    Lieu: <b>Lausanne<\/b>\n                                <\/span>\n                                                                                                                <span>\n                        Prix membre:\n                                            <b>700<\/b>\n                                <\/span>\n                                                                                                                <span>\n                                    Prix non-membre:\n                                            <b>800<\/b>\n                                <\/span>\n                                                                    <\/p>\n                            <\/div>\n                            <div>\n                                <a href=\"https:\/\/ergotherapie.ch\/fr\/courses\/accompagner-les-enfants-autistes-dans-les-habiletes-sociales-experimentation-animation-et-gestion-de-groupe\/\" class=\"the-button\">\n                                    En savoir plus                                <\/a>\n                                                                    <a\n                                            href=\"https:\/\/ergotherapie.ch\/fr\/inscription-aux-cours\/?title=17815\"\n                                            class=\"the-button not-active\">\n                                        Inscription                                    <\/a>\n\n                                    <div class=\"course-note-wrapper\">\n                                        \n                                                                                                                                <p class=\"oc-cancelled small-font-size\">\n                                                Complet                                            <\/p>\n                                        \n                                                                            <\/div>\n                                                                <\/div>\n                        <\/div>\n                                                <div class=\"one-calendar \">\n                            <div>\n                                                                    <p class=\"oc-course-number\">\n                                        N\u00b0: 8.26                                    <\/p>\n                                                                <p class=\"oc-dates small-font-size\">\n                                    28 mars 2026                                <\/p>\n                                <p class=\"oc-name\">\n                                    <a href=\"https:\/\/ergotherapie.ch\/fr\/courses\/le-portage-en-soutien-a-la-parentalite-a-lhandiparentalite-et-au-developpement-de-lenfant\/\">\n                                        Le portage en soutien \u00e0 la parentalit\u00e9, \u00e0 l\u2019handiparentalit\u00e9 et au d\u00e9veloppement de l\u2019enfant                                    <\/a>\n                                <\/p>\n                                <p class=\"oc-data small-font-size\">\n                                                                            <span>\n                                    Lieu: <b>Vevey<\/b>\n                                <\/span>\n                                                                                                                <span>\n                        Prix membre:\n                                            <b>300<\/b>\n                                <\/span>\n                                                                                                                <span>\n                                    Prix non-membre:\n                                            <b>350<\/b>\n                                <\/span>\n                                                                    <\/p>\n                            <\/div>\n                            <div>\n                                <a href=\"https:\/\/ergotherapie.ch\/fr\/courses\/le-portage-en-soutien-a-la-parentalite-a-lhandiparentalite-et-au-developpement-de-lenfant\/\" class=\"the-button\">\n                                    En savoir plus                                <\/a>\n                                                                    <a\n                                            href=\"https:\/\/ergotherapie.ch\/fr\/inscription-aux-cours\/?title=17830\"\n                                            class=\"the-button not-active\">\n                                        Inscription                                    <\/a>\n\n                                    <div class=\"course-note-wrapper\">\n                                                                                    <p class=\"oc-cancelled small-font-size\">\n                                                Annul\u00e9                                            <\/p>\n                                        \n                                        \n                                                                            <\/div>\n                                                                <\/div>\n                        <\/div>\n                                                <div class=\"one-calendar \">\n                            <div>\n                                                                    <p class=\"oc-course-number\">\n                                        N\u00b0: 9.26                                    <\/p>\n                                                                <p class=\"oc-dates small-font-size\">\n                                    23 et 24 avril 2026                                <\/p>\n                                <p class=\"oc-name\">\n                                    <a href=\"https:\/\/ergotherapie.ch\/fr\/courses\/formation-en-gestion-de-lenergie-fge-pour-des-personnes-souffrant-de-fatigue-education-des-patients-en-groupe-en-ergotherapie-2\/\">\n                                        Formation en gestion de l\u2019\u00e9nergie (FGE) pour des personnes souffrant de fatigue \u2013 Education des patients en groupe en ergoth\u00e9rapie (2026)                                    <\/a>\n                                <\/p>\n                                <p class=\"oc-data small-font-size\">\n                                                                            <span>\n                                    Lieu: <b>Lausanne<\/b>\n                                <\/span>\n                                                                                                                <span>\n                        Prix membre:\n                                            <b>440<\/b>\n                                <\/span>\n                                                                                                                <span>\n                                    Prix non-membre:\n                                            <b>540<\/b>\n                                <\/span>\n                                                                    <\/p>\n                            <\/div>\n                            <div>\n                                <a href=\"https:\/\/ergotherapie.ch\/fr\/courses\/formation-en-gestion-de-lenergie-fge-pour-des-personnes-souffrant-de-fatigue-education-des-patients-en-groupe-en-ergotherapie-2\/\" class=\"the-button\">\n                                    En savoir plus                                <\/a>\n                                                                    <a\n                                            href=\"https:\/\/ergotherapie.ch\/fr\/inscription-aux-cours\/?title=17834\"\n                                            class=\"the-button not-active\">\n                                        Inscription                                    <\/a>\n\n                                    <div class=\"course-note-wrapper\">\n                                        \n                                                                                                                                <p class=\"oc-cancelled small-font-size\">\n                                                Complet                                            <\/p>\n                                        \n                                                                            <\/div>\n                                                                <\/div>\n                        <\/div>\n                                                <div class=\"one-calendar \">\n                            <div>\n                                                                    <p class=\"oc-course-number\">\n                                        N\u00b0: 10.26                                    <\/p>\n                                                                <p class=\"oc-dates small-font-size\">\n                                    18 mai 2026                                <\/p>\n                                <p class=\"oc-name\">\n                                    <a href=\"https:\/\/ergotherapie.ch\/fr\/courses\/laccompagnement-de-ladulte-avec-troubles-de-la-deglutition-vivant-en-institution-ou-a-domicile\/\">\n                                        L\u2019accompagnement de l\u2019adulte avec troubles de la d\u00e9glutition vivant en institution ou \u00e0 domicile                                    <\/a>\n                                <\/p>\n                                <p class=\"oc-data small-font-size\">\n                                                                            <span>\n                                    Lieu: <b>Lausanne<\/b>\n                                <\/span>\n                                                                                                                <span>\n                        Prix membre:\n                                            <b>300<\/b>\n                                <\/span>\n                                                                                                                <span>\n                                    Prix non-membre:\n                                            <b>400<\/b>\n                                <\/span>\n                                                                    <\/p>\n                            <\/div>\n                            <div>\n                                <a href=\"https:\/\/ergotherapie.ch\/fr\/courses\/laccompagnement-de-ladulte-avec-troubles-de-la-deglutition-vivant-en-institution-ou-a-domicile\/\" class=\"the-button\">\n                                    En savoir plus                                <\/a>\n                                                                    <a\n                                            href=\"https:\/\/ergotherapie.ch\/fr\/inscription-aux-cours\/?title=17838\"\n                                            class=\"the-button not-active\">\n                                        Inscription                                    <\/a>\n\n                                    <div class=\"course-note-wrapper\">\n                                        \n                                        \n                                                                                    \n                                            <p class=\"waitlist small-font-size\">\n                                                <a href=\"https:\/\/ergotherapie.ch\/fr\/inscription-aux-cours\/?title=17838\">\n                                                    Liste d\u2019attente                                                <\/a>\n                                            <\/p>\n                                                                            <\/div>\n                                                                <\/div>\n                        <\/div>\n                                                <div class=\"one-calendar hidden-calendar\">\n                            <div>\n                                                                    <p class=\"oc-course-number\">\n                                        N\u00b0: 11.26                                    <\/p>\n                                                                <p class=\"oc-dates small-font-size\">\n                                    5 juin 2026                                <\/p>\n                                <p class=\"oc-name\">\n                                    <a href=\"https:\/\/ergotherapie.ch\/fr\/courses\/fatigue-de-compassion-comment-leviter\/\">\n                                        Fatigue de compassion \u2013 comment l\u2019\u00e9viter?                                    <\/a>\n                                <\/p>\n                                <p class=\"oc-data small-font-size\">\n                                                                            <span>\n                                    Lieu: <b>Lausanne<\/b>\n                                <\/span>\n                                                                                                                <span>\n                        Prix membre:\n                                            <b>250<\/b>\n                                <\/span>\n                                                                                                                <span>\n                                    Prix non-membre:\n                                            <b>350<\/b>\n                                <\/span>\n                                                                    <\/p>\n                            <\/div>\n                            <div>\n                                <a href=\"https:\/\/ergotherapie.ch\/fr\/courses\/fatigue-de-compassion-comment-leviter\/\" class=\"the-button\">\n                                    En savoir plus                                <\/a>\n                                                                    <a\n                                            href=\"https:\/\/ergotherapie.ch\/fr\/inscription-aux-cours\/?title=17842\"\n                                            class=\"the-button not-active\">\n                                        Inscription                                    <\/a>\n\n                                    <div class=\"course-note-wrapper\">\n                                        \n                                                                                                                                <p class=\"oc-cancelled small-font-size\">\n                                                Complet                                            <\/p>\n                                        \n                                                                            <\/div>\n                                                                <\/div>\n                        <\/div>\n                                                <div class=\"one-calendar hidden-calendar\">\n                            <div>\n                                                                    <p class=\"oc-course-number\">\n                                        N\u00b0: 20.26                                    <\/p>\n                                                                <p class=\"oc-dates small-font-size\">\n                                    26 et 27 ao\u00fbt 2026                                <\/p>\n                                <p class=\"oc-name\">\n                                    <a href=\"https:\/\/ergotherapie.ch\/fr\/courses\/ergotherapie-et-independance-les-cles-du-succes\/\">\n                                        Ergoth\u00e9rapie et ind\u00e9pendance, les cl\u00e9s du succ\u00e8s                                    <\/a>\n                                <\/p>\n                                <p class=\"oc-data small-font-size\">\n                                                                            <span>\n                                    Lieu: <b>Lausanne<\/b>\n                                <\/span>\n                                                                                                                <span>\n                        Prix membre:\n                                            <b>400<\/b>\n                                <\/span>\n                                                                                                                <span>\n                                    Prix non-membre:\n                                            <b>&#8211;<\/b>\n                                <\/span>\n                                                                    <\/p>\n                            <\/div>\n                            <div>\n                                <a href=\"https:\/\/ergotherapie.ch\/fr\/courses\/ergotherapie-et-independance-les-cles-du-succes\/\" class=\"the-button\">\n                                    En savoir plus                                <\/a>\n                                                                    <a\n                                            href=\"https:\/\/ergotherapie.ch\/fr\/inscription-aux-cours\/?title=19266\"\n                                            class=\"the-button \">\n                                        Inscription                                    <\/a>\n\n                                    <div class=\"course-note-wrapper\">\n                                        \n                                        \n                                                                            <\/div>\n                                                                <\/div>\n                        <\/div>\n                                                <div class=\"one-calendar hidden-calendar\">\n                            <div>\n                                                                    <p class=\"oc-course-number\">\n                                        N\u00b0: 21.26                                    <\/p>\n                                                                <p class=\"oc-dates small-font-size\">\n                                    3 septembre 2026                                <\/p>\n                                <p class=\"oc-name\">\n                                    <a href=\"https:\/\/ergotherapie.ch\/fr\/courses\/readaptation-du-trouble-daccumulation-compulsive-thesaurisation-pathologique\/\">\n                                        R\u00e9adaptation du trouble d\u2019accumulation compulsive (th\u00e9saurisation pathologique)                                    <\/a>\n                                <\/p>\n                                <p class=\"oc-data small-font-size\">\n                                                                            <span>\n                                    Lieu: <b>Lausanne<\/b>\n                                <\/span>\n                                                                                                                <span>\n                        Prix membre:\n                                            <b>200<\/b>\n                                <\/span>\n                                                                                                                <span>\n                                    Prix non-membre:\n                                            <b>250<\/b>\n                                <\/span>\n                                                                    <\/p>\n                            <\/div>\n                            <div>\n                                <a href=\"https:\/\/ergotherapie.ch\/fr\/courses\/readaptation-du-trouble-daccumulation-compulsive-thesaurisation-pathologique\/\" class=\"the-button\">\n                                    En savoir plus                                <\/a>\n                                                                    <a\n                                            href=\"https:\/\/ergotherapie.ch\/fr\/inscription-aux-cours\/?title=18025\"\n                                            class=\"the-button not-active\">\n                                        Inscription                                    <\/a>\n\n                                    <div class=\"course-note-wrapper\">\n                                        \n                                        \n                                                                                    \n                                            <p class=\"waitlist small-font-size\">\n                                                <a href=\"https:\/\/ergotherapie.ch\/fr\/inscription-aux-cours\/?title=18025\">\n                                                    Liste d\u2019attente                                                <\/a>\n                                            <\/p>\n                                                                            <\/div>\n                                                                <\/div>\n                        <\/div>\n                                                <div class=\"one-calendar hidden-calendar\">\n                            <div>\n                                                                    <p class=\"oc-course-number\">\n                                        N\u00b0: 22.26                                    <\/p>\n                                                                <p class=\"oc-dates small-font-size\">\n                                    10 et 11 septembre 2026                                <\/p>\n                                <p class=\"oc-name\">\n                                    <a href=\"https:\/\/ergotherapie.ch\/fr\/courses\/relaxation-meditation-en-pleine-conscience\/\">\n                                        Relaxation &#038; M\u00e9ditation en pleine conscience                                    <\/a>\n                                <\/p>\n                                <p class=\"oc-data small-font-size\">\n                                                                            <span>\n                                    Lieu: <b>Lausanne<\/b>\n                                <\/span>\n                                                                                                                <span>\n                        Prix membre:\n                                            <b>350<\/b>\n                                <\/span>\n                                                                                                                <span>\n                                    Prix non-membre:\n                                            <b>450<\/b>\n                                <\/span>\n                                                                    <\/p>\n                            <\/div>\n                            <div>\n                                <a href=\"https:\/\/ergotherapie.ch\/fr\/courses\/relaxation-meditation-en-pleine-conscience\/\" class=\"the-button\">\n                                    En savoir plus                                <\/a>\n                                                                    <a\n                                            href=\"https:\/\/ergotherapie.ch\/fr\/inscription-aux-cours\/?title=18029\"\n                                            class=\"the-button not-active\">\n                                        Inscription                                    <\/a>\n\n                                    <div class=\"course-note-wrapper\">\n                                        \n                                                                                                                                <p class=\"oc-cancelled small-font-size\">\n                                                Complet                                            <\/p>\n                                        \n                                                                            <\/div>\n                                                                <\/div>\n                        <\/div>\n                                                <div class=\"one-calendar hidden-calendar\">\n                            <div>\n                                                                    <p class=\"oc-course-number\">\n                                        N\u00b0: 23.26                                    <\/p>\n                                                                <p class=\"oc-dates small-font-size\">\n                                    14 septembre 2026                                <\/p>\n                                <p class=\"oc-name\">\n                                    <a href=\"https:\/\/ergotherapie.ch\/fr\/courses\/tdah-a-ladolescence-du-cortex-prefrontal-aux-occupations-quotidiennes\/\">\n                                        TDAH \u00e0 l\u2019adolescence : du cortex pr\u00e9frontal aux occupations quotidiennes                                    <\/a>\n                                <\/p>\n                                <p class=\"oc-data small-font-size\">\n                                                                            <span>\n                                    Lieu: <b>Lausanne<\/b>\n                                <\/span>\n                                                                                                                <span>\n                        Prix membre:\n                                            <b>200<\/b>\n                                <\/span>\n                                                                                                                <span>\n                                    Prix non-membre:\n                                            <b>300<\/b>\n                                <\/span>\n                                                                    <\/p>\n                            <\/div>\n                            <div>\n                                <a href=\"https:\/\/ergotherapie.ch\/fr\/courses\/tdah-a-ladolescence-du-cortex-prefrontal-aux-occupations-quotidiennes\/\" class=\"the-button\">\n                                    En savoir plus                                <\/a>\n                                                                    <a\n                                            href=\"https:\/\/ergotherapie.ch\/fr\/inscription-aux-cours\/?title=18033\"\n                                            class=\"the-button not-active\">\n                                        Inscription                                    <\/a>\n\n                                    <div class=\"course-note-wrapper\">\n                                        \n                                                                                                                                <p class=\"oc-cancelled small-font-size\">\n                                                Complet                                            <\/p>\n                                        \n                                                                            <\/div>\n                                                                <\/div>\n                        <\/div>\n                                                <div class=\"one-calendar hidden-calendar\">\n                            <div>\n                                                                    <p class=\"oc-course-number\">\n                                        N\u00b0: 24.26                                    <\/p>\n                                                                <p class=\"oc-dates small-font-size\">\n                                    25 septembre 2026                                <\/p>\n                                <p class=\"oc-name\">\n                                    <a href=\"https:\/\/ergotherapie.ch\/fr\/courses\/tsa-a-ladolescence-connectivite-cerebrale-traitement-sensoriel-et-participation-sociale\/\">\n                                        TSA \u00e0 l\u2019adolescence : connectivit\u00e9 c\u00e9r\u00e9brale, traitement sensoriel et participation sociale                                    <\/a>\n                                <\/p>\n                                <p class=\"oc-data small-font-size\">\n                                                                            <span>\n                                    Lieu: <b>Lausanne<\/b>\n                                <\/span>\n                                                                                                                <span>\n                        Prix membre:\n                                            <b>200<\/b>\n                                <\/span>\n                                                                                                                <span>\n                                    Prix non-membre:\n                                            <b>300<\/b>\n                                <\/span>\n                                                                    <\/p>\n                            <\/div>\n                            <div>\n                                <a href=\"https:\/\/ergotherapie.ch\/fr\/courses\/tsa-a-ladolescence-connectivite-cerebrale-traitement-sensoriel-et-participation-sociale\/\" class=\"the-button\">\n                                    En savoir plus                                <\/a>\n                                                                    <a\n                                            href=\"https:\/\/ergotherapie.ch\/fr\/inscription-aux-cours\/?title=18037\"\n                                            class=\"the-button not-active\">\n                                        Inscription                                    <\/a>\n\n                                    <div class=\"course-note-wrapper\">\n                                        \n                                                                                                                                <p class=\"oc-cancelled small-font-size\">\n                                                Complet                                            <\/p>\n                                        \n                                                                            <\/div>\n                                                                <\/div>\n                        <\/div>\n                                                <div class=\"one-calendar hidden-calendar\">\n                            <div>\n                                                                    <p class=\"oc-course-number\">\n                                        N\u00b0: 1.26                                    <\/p>\n                                                                <p class=\"oc-dates small-font-size\">\n                                    30 septembre, 1er et 2 octobre 2026                                <\/p>\n                                <p class=\"oc-name\">\n                                    <a href=\"https:\/\/ergotherapie.ch\/fr\/courses\/la-prise-en-charge-du-controle-postural-et-du-tronc-en-neuro-reeducation-adulte\/\">\n                                        La prise en charge du contr\u00f4le postural et du tronc en neuro-r\u00e9\u00e9ducation adulte                                    <\/a>\n                                <\/p>\n                                <p class=\"oc-data small-font-size\">\n                                                                            <span>\n                                    Lieu: <b>Lausanne<\/b>\n                                <\/span>\n                                                                                                                <span>\n                        Prix membre:\n                                            <b>550<\/b>\n                                <\/span>\n                                                                                                                <span>\n                                    Prix non-membre:\n                                            <b>650<\/b>\n                                <\/span>\n                                                                    <\/p>\n                            <\/div>\n                            <div>\n                                <a href=\"https:\/\/ergotherapie.ch\/fr\/courses\/la-prise-en-charge-du-controle-postural-et-du-tronc-en-neuro-reeducation-adulte\/\" class=\"the-button\">\n                                    En savoir plus                                <\/a>\n                                                                    <a\n                                            href=\"https:\/\/ergotherapie.ch\/fr\/inscription-aux-cours\/?title=17799\"\n                                            class=\"the-button not-active\">\n                                        Inscription                                    <\/a>\n\n                                    <div class=\"course-note-wrapper\">\n                                        \n                                        \n                                                                                    \n                                            <p class=\"waitlist small-font-size\">\n                                                <a href=\"https:\/\/ergotherapie.ch\/fr\/inscription-aux-cours\/?title=17799\">\n                                                    Liste d\u2019attente                                                <\/a>\n                                            <\/p>\n                                                                            <\/div>\n                                                                <\/div>\n                        <\/div>\n                                                <div class=\"one-calendar hidden-calendar\">\n                            <div>\n                                                                    <p class=\"oc-course-number\">\n                                        N\u00b0: 25.26                                    <\/p>\n                                                                <p class=\"oc-dates small-font-size\">\n                                    5, 6 et 7 octobre 2026                                <\/p>\n                                <p class=\"oc-name\">\n                                    <a href=\"https:\/\/ergotherapie.ch\/fr\/courses\/readaptation-dune-personne-presentant-une-maladie-dalzheimer-ou-maladie-apparentee\/\">\n                                        R\u00e9adaptation d\u2019une personne pr\u00e9sentant une maladie d\u2019Alzheimer ou maladie apparent\u00e9e                                    <\/a>\n                                <\/p>\n                                <p class=\"oc-data small-font-size\">\n                                                                            <span>\n                                    Lieu: <b>Fribourg<\/b>\n                                <\/span>\n                                                                                                                <span>\n                        Prix membre:\n                                            <b>800<\/b>\n                                <\/span>\n                                                                                                                <span>\n                                    Prix non-membre:\n                                            <b>900<\/b>\n                                <\/span>\n                                                                    <\/p>\n                            <\/div>\n                            <div>\n                                <a href=\"https:\/\/ergotherapie.ch\/fr\/courses\/readaptation-dune-personne-presentant-une-maladie-dalzheimer-ou-maladie-apparentee\/\" class=\"the-button\">\n                                    En savoir plus                                <\/a>\n                                                                    <a\n                                            href=\"https:\/\/ergotherapie.ch\/fr\/inscription-aux-cours\/?title=18041\"\n                                            class=\"the-button not-active\">\n                                        Inscription                                    <\/a>\n\n                                    <div class=\"course-note-wrapper\">\n                                        \n                                                                                                                                <p class=\"oc-cancelled small-font-size\">\n                                                Complet                                            <\/p>\n                                        \n                                                                            <\/div>\n                                                                <\/div>\n                        <\/div>\n                                                <div class=\"one-calendar hidden-calendar\">\n                            <div>\n                                                                    <p class=\"oc-course-number\">\n                                        N\u00b0: 26.26                                    <\/p>\n                                                                <p class=\"oc-dates small-font-size\">\n                                    5, 6 et 7 octobre 2026                                <\/p>\n                                <p class=\"oc-name\">\n                                    <a href=\"https:\/\/ergotherapie.ch\/fr\/courses\/readaptation-dune-personne-agee-presentant-un-syndrome-de-desadaptation-posturale-et-motrice\/\">\n                                        R\u00e9adaptation d\u2019une personne \u00e2g\u00e9e pr\u00e9sentant un syndrome de d\u00e9sadaptation posturale et motrice                                    <\/a>\n                                <\/p>\n                                <p class=\"oc-data small-font-size\">\n                                                                            <span>\n                                    Lieu: <b>Fribourg<\/b>\n                                <\/span>\n                                                                                                                <span>\n                        Prix membre:\n                                            <b>800<\/b>\n                                <\/span>\n                                                                                                                <span>\n                                    Prix non-membre:\n                                            <b>900<\/b>\n                                <\/span>\n                                                                    <\/p>\n                            <\/div>\n                            <div>\n                                <a href=\"https:\/\/ergotherapie.ch\/fr\/courses\/readaptation-dune-personne-agee-presentant-un-syndrome-de-desadaptation-posturale-et-motrice\/\" class=\"the-button\">\n                                    En savoir plus                                <\/a>\n                                                                    <a\n                                            href=\"https:\/\/ergotherapie.ch\/fr\/inscription-aux-cours\/?title=18045\"\n                                            class=\"the-button not-active\">\n                                        Inscription                                    <\/a>\n\n                                    <div class=\"course-note-wrapper\">\n                                        \n                                                                                                                                <p class=\"oc-cancelled small-font-size\">\n                                                Complet                                            <\/p>\n                                        \n                                                                            <\/div>\n                                                                <\/div>\n                        <\/div>\n                                                <div class=\"one-calendar hidden-calendar\">\n                            <div>\n                                                                    <p class=\"oc-course-number\">\n                                        N\u00b0: 7.26                                    <\/p>\n                                                                <p class=\"oc-dates small-font-size\">\n                                    27, 28 et 29 octobre 2026                                <\/p>\n                                <p class=\"oc-name\">\n                                    <a href=\"https:\/\/ergotherapie.ch\/fr\/courses\/la-prise-en-charge-du-membre-superieur-en-neuro-reeducation-adulte\/\">\n                                        La prise en charge du membre sup\u00e9rieur en neuro-r\u00e9\u00e9ducation adulte                                    <\/a>\n                                <\/p>\n                                <p class=\"oc-data small-font-size\">\n                                                                            <span>\n                                    Lieu: <b>Lausanne<\/b>\n                                <\/span>\n                                                                                                                <span>\n                        Prix membre:\n                                            <b>550<\/b>\n                                <\/span>\n                                                                                                                <span>\n                                    Prix non-membre:\n                                            <b>650<\/b>\n                                <\/span>\n                                                                    <\/p>\n                            <\/div>\n                            <div>\n                                <a href=\"https:\/\/ergotherapie.ch\/fr\/courses\/la-prise-en-charge-du-membre-superieur-en-neuro-reeducation-adulte\/\" class=\"the-button\">\n                                    En savoir plus                                <\/a>\n                                                                    <a\n                                            href=\"https:\/\/ergotherapie.ch\/fr\/inscription-aux-cours\/?title=17826\"\n                                            class=\"the-button not-active\">\n                                        Inscription                                    <\/a>\n\n                                    <div class=\"course-note-wrapper\">\n                                        \n                                        \n                                                                                    \n                                            <p class=\"waitlist small-font-size\">\n                                                <a href=\"https:\/\/ergotherapie.ch\/fr\/inscription-aux-cours\/?title=17826\">\n                                                    Liste d\u2019attente                                                <\/a>\n                                            <\/p>\n                                                                            <\/div>\n                                                                <\/div>\n                        <\/div>\n                                                <div class=\"one-calendar hidden-calendar\">\n                            <div>\n                                                                    <p class=\"oc-course-number\">\n                                        N\u00b0: 27.26                                    <\/p>\n                                                                <p class=\"oc-dates small-font-size\">\n                                    6 novembre 2026                                <\/p>\n                                <p class=\"oc-name\">\n                                    <a href=\"https:\/\/ergotherapie.ch\/fr\/courses\/cest-dans-votre-tete-laccompagnement-en-ergotherapie-et-physiotherapie-des-personnes-souffrant-de-troubles-neurologiques-fonctionnels\/\">\n                                        \u00ab C\u2019est dans votre t\u00eate ! \u00bb : l\u2019accompagnement en ergoth\u00e9rapie et physioth\u00e9rapie des personnes souffrant de troubles neurologiques fonctionnels                                    <\/a>\n                                <\/p>\n                                <p class=\"oc-data small-font-size\">\n                                                                            <span>\n                                    Lieu: <b>Lausanne<\/b>\n                                <\/span>\n                                                                                                                <span>\n                        Prix membre:\n                                            <b>280<\/b>\n                                <\/span>\n                                                                                                                <span>\n                                    Prix non-membre:\n                                            <b>380<\/b>\n                                <\/span>\n                                                                    <\/p>\n                            <\/div>\n                            <div>\n                                <a href=\"https:\/\/ergotherapie.ch\/fr\/courses\/cest-dans-votre-tete-laccompagnement-en-ergotherapie-et-physiotherapie-des-personnes-souffrant-de-troubles-neurologiques-fonctionnels\/\" class=\"the-button\">\n                                    En savoir plus                                <\/a>\n                                                                    <a\n                                            href=\"https:\/\/ergotherapie.ch\/fr\/inscription-aux-cours\/?title=18049\"\n                                            class=\"the-button not-active\">\n                                        Inscription                                    <\/a>\n\n                                    <div class=\"course-note-wrapper\">\n                                        \n                                        \n                                                                                    \n                                            <p class=\"waitlist small-font-size\">\n                                                <a href=\"https:\/\/ergotherapie.ch\/fr\/inscription-aux-cours\/?title=18049\">\n                                                    Liste d\u2019attente                                                <\/a>\n                                            <\/p>\n                                                                            <\/div>\n                                                                <\/div>\n                        <\/div>\n                                                <div class=\"one-calendar hidden-calendar\">\n                            <div>\n                                                                    <p class=\"oc-course-number\">\n                                        N\u00b0: 28.26                                    <\/p>\n                                                                <p class=\"oc-dates small-font-size\">\n                                    11, 12 et 13 novembre 2026                                <\/p>\n                                <p class=\"oc-name\">\n                                    <a href=\"https:\/\/ergotherapie.ch\/fr\/courses\/le-modele-de-loccupation-humaine-moh-evaluations-et-interventions-en-ergotherapie-2026\/\">\n                                        Le Mod\u00e8le de l&rsquo;Occupation Humaine (MOH) : Evaluations et interventions en ergoth\u00e9rapie (2026)                                    <\/a>\n                                <\/p>\n                                <p class=\"oc-data small-font-size\">\n                                                                            <span>\n                                    Lieu: <b>Lausanne<\/b>\n                                <\/span>\n                                                                                                                <span>\n                        Prix membre:\n                                            <b>500<\/b>\n                                <\/span>\n                                                                                                                <span>\n                                    Prix non-membre:\n                                            <b>600<\/b>\n                                <\/span>\n                                                                    <\/p>\n                            <\/div>\n                            <div>\n                                <a href=\"https:\/\/ergotherapie.ch\/fr\/courses\/le-modele-de-loccupation-humaine-moh-evaluations-et-interventions-en-ergotherapie-2026\/\" class=\"the-button\">\n                                    En savoir plus                                <\/a>\n                                                                    <a\n                                            href=\"https:\/\/ergotherapie.ch\/fr\/inscription-aux-cours\/?title=18053\"\n                                            class=\"the-button \">\n                                        Inscription                                    <\/a>\n\n                                    <div class=\"course-note-wrapper\">\n                                        \n                                        \n                                                                            <\/div>\n                                                                <\/div>\n                        <\/div>\n                                                <div class=\"one-calendar hidden-calendar\">\n                            <div>\n                                                                    <p class=\"oc-course-number\">\n                                        N\u00b0: 29.26                                    <\/p>\n                                                                <p class=\"oc-dates small-font-size\">\n                                    4 et 5 d\u00e9cembre 2026                                <\/p>\n                                <p class=\"oc-name\">\n                                    <a href=\"https:\/\/ergotherapie.ch\/fr\/courses\/principes-de-reeducation-des-cicatrices-de-la-main\/\">\n                                        Principes de r\u00e9\u00e9ducation des cicatrices de la main                                    <\/a>\n                                <\/p>\n                                <p class=\"oc-data small-font-size\">\n                                                                            <span>\n                                    Lieu: <b>Sierre<\/b>\n                                <\/span>\n                                                                                                                <span>\n                        Prix membre:\n                                            <b>400<\/b>\n                                <\/span>\n                                                                                                                <span>\n                                    Prix non-membre:\n                                            <b>450<\/b>\n                                <\/span>\n                                                                    <\/p>\n                            <\/div>\n                            <div>\n                                <a href=\"https:\/\/ergotherapie.ch\/fr\/courses\/principes-de-reeducation-des-cicatrices-de-la-main\/\" class=\"the-button\">\n                                    En savoir plus                                <\/a>\n                                                                    <a\n                                            href=\"https:\/\/ergotherapie.ch\/fr\/inscription-aux-cours\/?title=19713\"\n                                            class=\"the-button \">\n                                        Inscription                                    <\/a>\n\n                                    <div class=\"course-note-wrapper\">\n                                        \n                                        \n                                                                            <\/div>\n                                                                <\/div>\n                        <\/div>\n                                        <\/div>\n\n                                    <p id=\"load-more-wrapper\">\n                        <a href=\"#\" class=\"the-button\">\n                            Chargez plus                        <\/a>\n                    <\/p>\n                \n            <\/div>\n        <\/div>\n        \n\n    <div class=\"section-downloads \">\n        <div class=\"container-fluid\">\n                                        <h2 class=\"downloads-title\">\n                                    <\/h2>\n\n                                                    \n                <div class=\"downloads-feed\">\n                                            <div class=\"one-download\">\n                            <div>\n                                <strong>\n                                                                        <a target=\"_blank\"\n                                       class=\"the-download-lik \"\n                                       href=\"https:\/\/ergotherapie.ch\/fr\/?download_file=20758\">\n                                        Programme_2025 cours ASE                                    <\/a>\n                                <\/strong>\n                            <\/div>\n                            <div>\n                                <strong>\n                                    pdf                                <\/strong>\n                            <\/div>\n                            <div>\n                                                                    <a target=\"_blank\"\n                                       href=\"https:\/\/ergotherapie.ch\/fr\/?download_file=20758\">\n                                        <svg id=\"4531Group_1085\" data-name=\"Group 1085\" xmlns=\"http:\/\/www.w3.org\/2000\/svg\" xmlns:xlink=\"http:\/\/www.w3.org\/1999\/xlink\" width=\"30.5\" height=\"39.5\" viewBox=\"0 0 30.5 39.5\">\n  <defs>\n    <clipPath id=\"4531clip-path\">\n      <rect id=\"4531Rectangle_357\" data-name=\"Rectangle 357\" width=\"30.5\" height=\"39.5\" fill=\"none\"\/>\n    <\/clipPath>\n  <\/defs>\n  <g id=\"4531Group_1083\" data-name=\"Group 1083\" clip-path=\"url(#4531clip-path)\">\n    <path id=\"4531Path_1043\" data-name=\"Path 1043\" d=\"M26.948,19.7,15.219,31.427,3.495,19.7\" fill=\"none\" stroke=\"#d3006a\" stroke-miterlimit=\"10\" stroke-width=\"2.5\"\/>\n    <line id=\"4531Line_79\" data-name=\"Line 79\" y2=\"30.5\" transform=\"translate(15.221)\" fill=\"none\" stroke=\"#d3006a\" stroke-miterlimit=\"10\" stroke-width=\"2.5\"\/>\n    <line id=\"4531Line_80\" data-name=\"Line 80\" x1=\"30.5\" transform=\"translate(0 38.25)\" fill=\"none\" stroke=\"#d3006a\" stroke-miterlimit=\"10\" stroke-width=\"2.5\"\/>\n  <\/g>\n<\/svg>\n                                    <\/a>\n                                                                <\/div>\n                        <\/div>\n                                                <div class=\"one-download\">\n                            <div>\n                                <strong>\n                                                                        <a target=\"_blank\"\n                                       class=\"the-download-lik \"\n                                       href=\"https:\/\/ergotherapie.ch\/fr\/?download_file=17545\">\n                                        Programme_2024 cours ASE                                    <\/a>\n                                <\/strong>\n                            <\/div>\n                            <div>\n                                <strong>\n                                    pdf                                <\/strong>\n                            <\/div>\n                            <div>\n                                                                    <a target=\"_blank\"\n                                       href=\"https:\/\/ergotherapie.ch\/fr\/?download_file=17545\">\n                                        <svg id=\"6074Group_1085\" data-name=\"Group 1085\" xmlns=\"http:\/\/www.w3.org\/2000\/svg\" xmlns:xlink=\"http:\/\/www.w3.org\/1999\/xlink\" width=\"30.5\" height=\"39.5\" viewBox=\"0 0 30.5 39.5\">\n  <defs>\n    <clipPath id=\"6074clip-path\">\n      <rect id=\"6074Rectangle_357\" data-name=\"Rectangle 357\" width=\"30.5\" height=\"39.5\" fill=\"none\"\/>\n    <\/clipPath>\n  <\/defs>\n  <g id=\"6074Group_1083\" data-name=\"Group 1083\" clip-path=\"url(#6074clip-path)\">\n    <path id=\"6074Path_1043\" data-name=\"Path 1043\" d=\"M26.948,19.7,15.219,31.427,3.495,19.7\" fill=\"none\" stroke=\"#d3006a\" stroke-miterlimit=\"10\" stroke-width=\"2.5\"\/>\n    <line id=\"6074Line_79\" data-name=\"Line 79\" y2=\"30.5\" transform=\"translate(15.221)\" fill=\"none\" stroke=\"#d3006a\" stroke-miterlimit=\"10\" stroke-width=\"2.5\"\/>\n    <line id=\"6074Line_80\" data-name=\"Line 80\" x1=\"30.5\" transform=\"translate(0 38.25)\" fill=\"none\" stroke=\"#d3006a\" stroke-miterlimit=\"10\" stroke-width=\"2.5\"\/>\n  <\/g>\n<\/svg>\n                                    <\/a>\n                                                                <\/div>\n                        <\/div>\n                                                <div class=\"one-download\">\n                            <div>\n                                <strong>\n                                                                        <a target=\"_blank\"\n                                       class=\"the-download-lik \"\n                                       href=\"https:\/\/ergotherapie.ch\/fr\/?download_file=17544\">\n                                        Programme_2023 cours ASE                                    <\/a>\n                                <\/strong>\n                            <\/div>\n                            <div>\n                                <strong>\n                                    pdf                                <\/strong>\n                            <\/div>\n                            <div>\n                                                                    <a target=\"_blank\"\n                                       href=\"https:\/\/ergotherapie.ch\/fr\/?download_file=17544\">\n                                        <svg id=\"2708Group_1085\" data-name=\"Group 1085\" xmlns=\"http:\/\/www.w3.org\/2000\/svg\" xmlns:xlink=\"http:\/\/www.w3.org\/1999\/xlink\" width=\"30.5\" height=\"39.5\" viewBox=\"0 0 30.5 39.5\">\n  <defs>\n    <clipPath id=\"2708clip-path\">\n      <rect id=\"2708Rectangle_357\" data-name=\"Rectangle 357\" width=\"30.5\" height=\"39.5\" fill=\"none\"\/>\n    <\/clipPath>\n  <\/defs>\n  <g id=\"2708Group_1083\" data-name=\"Group 1083\" clip-path=\"url(#2708clip-path)\">\n    <path id=\"2708Path_1043\" data-name=\"Path 1043\" d=\"M26.948,19.7,15.219,31.427,3.495,19.7\" fill=\"none\" stroke=\"#d3006a\" stroke-miterlimit=\"10\" stroke-width=\"2.5\"\/>\n    <line id=\"2708Line_79\" data-name=\"Line 79\" y2=\"30.5\" transform=\"translate(15.221)\" fill=\"none\" stroke=\"#d3006a\" stroke-miterlimit=\"10\" stroke-width=\"2.5\"\/>\n    <line id=\"2708Line_80\" data-name=\"Line 80\" x1=\"30.5\" transform=\"translate(0 38.25)\" fill=\"none\" stroke=\"#d3006a\" stroke-miterlimit=\"10\" stroke-width=\"2.5\"\/>\n  <\/g>\n<\/svg>\n                                    <\/a>\n                                                                <\/div>\n                        <\/div>\n                                                <div class=\"one-download\">\n                            <div>\n                                <strong>\n                                                                        <a target=\"_blank\"\n                                       class=\"the-download-lik \"\n                                       href=\"https:\/\/ergotherapie.ch\/fr\/?download_file=17534\">\n                                        Programme_2022 cours ASE                                    <\/a>\n                                <\/strong>\n                            <\/div>\n                            <div>\n                                <strong>\n                                    pdf                                <\/strong>\n                            <\/div>\n                            <div>\n                                                                    <a target=\"_blank\"\n                                       href=\"https:\/\/ergotherapie.ch\/fr\/?download_file=17534\">\n                                        <svg id=\"9409Group_1085\" data-name=\"Group 1085\" xmlns=\"http:\/\/www.w3.org\/2000\/svg\" xmlns:xlink=\"http:\/\/www.w3.org\/1999\/xlink\" width=\"30.5\" height=\"39.5\" viewBox=\"0 0 30.5 39.5\">\n  <defs>\n    <clipPath id=\"9409clip-path\">\n      <rect id=\"9409Rectangle_357\" data-name=\"Rectangle 357\" width=\"30.5\" height=\"39.5\" fill=\"none\"\/>\n    <\/clipPath>\n  <\/defs>\n  <g id=\"9409Group_1083\" data-name=\"Group 1083\" clip-path=\"url(#9409clip-path)\">\n    <path id=\"9409Path_1043\" data-name=\"Path 1043\" d=\"M26.948,19.7,15.219,31.427,3.495,19.7\" fill=\"none\" stroke=\"#d3006a\" stroke-miterlimit=\"10\" stroke-width=\"2.5\"\/>\n    <line id=\"9409Line_79\" data-name=\"Line 79\" y2=\"30.5\" transform=\"translate(15.221)\" fill=\"none\" stroke=\"#d3006a\" stroke-miterlimit=\"10\" stroke-width=\"2.5\"\/>\n    <line id=\"9409Line_80\" data-name=\"Line 80\" x1=\"30.5\" transform=\"translate(0 38.25)\" fill=\"none\" stroke=\"#d3006a\" stroke-miterlimit=\"10\" stroke-width=\"2.5\"\/>\n  <\/g>\n<\/svg>\n                                    <\/a>\n                                                                <\/div>\n                        <\/div>\n                                        <\/div>\n                                <p class=\"downloads-not-found\">\n                    Aucun t\u00e9l\u00e9chargement trouv\u00e9                <\/p>\n                    <\/div>\n    <\/div>\n\n\n<div  class=\"play-it-safe \">\n    <div class=\"bg-block color-pink\"><\/div>\n\n    <div class=\"row row-spaced row-0\">\n        <div class=\"col-sm-4\">\n            <div class=\"pic-content equal-h\">\n                            <\/div>\n        <\/div>\n        <div class=\"col-sm-8\">\n            <div class=\"pis-content equal-h color-pink\">\n                <p><a href=\"#\" target=\"_blank\" rel=\"noopener\">Cours d\u2019autres prestataires (\u00e0 suivre prochainement)<\/a><\/p>\n            <\/div>\n        <\/div>\n    <\/div>\n\n<\/div>\n\n\n        <div  class=\"pre-footer-grid \">\n            <div class=\"container-fluid\">\n                <div class=\"row row-spaced\">\n                                            <div class=\"col-lg-3 col-md-4 col-sm-6\">\n                            <div class=\"one-pre-footer-grid\">\n                                <div>\n                                    <p class=\"one-pfg-icon\">\n                                        <?xml version=\"1.0\" encoding=\"utf-8\"?>\n<svg id=\"64Icon_Kursangebot\" data-name=\"Icon Kursangebot\" xmlns=\"http:\/\/www.w3.org\/2000\/svg\" xmlns:xlink=\"http:\/\/www.w3.org\/1999\/xlink\" width=\"138.686\" height=\"102.621\" viewBox=\"0 0 138.686 102.621\">\n  <defs>\n    <clipPath id=\"64clip-path\">\n      <rect id=\"64Rectangle_334\" data-name=\"Rectangle 334\" width=\"138.686\" height=\"102.621\" fill=\"none\" stroke=\"#e1077c\" stroke-width=\"1\"\/>\n    <\/clipPath>\n  <\/defs>\n  <g id=\"64Group_1023\" data-name=\"Group 1023\" clip-path=\"url(#64clip-path)\">\n    <path id=\"64Path_991\" data-name=\"Path 991\" d=\"M38.489,61.233V96.256S47.427,116.5,79.986,117c0,.264,33.281-1.676,40.516-19.764v-36\" transform=\"translate(-10.641 -16.93)\" fill=\"none\" stroke=\"#e1077c\" stroke-miterlimit=\"10\" stroke-width=\"7\"\/>\n    <path id=\"64Path_992\" data-name=\"Path 992\" d=\"M95.165,44.51l55.44,6.065V106.59\" transform=\"translate(-26.311 -12.306)\" fill=\"none\" stroke=\"#e1077c\" stroke-miterlimit=\"10\" stroke-width=\"7\"\/>\n    <path id=\"64Path_993\" data-name=\"Path 993\" d=\"M69.918,63.53,3.547,34.045a.079.079,0,0,1,0-.145L69.917,3.507a.074.074,0,0,1,.065,0L137.074,33.9a.079.079,0,0,1,0,.145L69.981,63.53A.075.075,0,0,1,69.918,63.53Z\" transform=\"translate(-0.968 -0.968)\" fill=\"none\" stroke=\"#e1077c\" stroke-miterlimit=\"10\" stroke-width=\"7\"\/>\n  <\/g>\n<\/svg>\n                                    <\/p>\n                                    <p class=\"one-pfg-title\">\n                                        Offre de cours                                    <\/p>\n                                                                            <p class=\"one-pfg-text small-font-size mb_0\">\n                                            D\u00e9couvrez le large \u00e9ventail de formations et de formations continues propos\u00e9es par l&rsquo;ASE et inscrivez-vous d\u00e8s maintenant en ligne.<br \/>\r\n<br \/>\r\n                                        <\/p>\n                                                                    <\/div>\n                                <div>\n                                    <p class=\"one-pfg-button\">\n                                                <a href=\"\/fr\/formation\/formations-continues-et-perfectionnements\/\" class=\"the-button\">\n            En savoir plus        <\/a>\n                                        <\/p>\n                                <\/div>\n                            <\/div>\n                        <\/div>\n                                                <div class=\"col-lg-3 col-md-4 col-sm-6\">\n                            <div class=\"one-pre-footer-grid\">\n                                <div>\n                                    <p class=\"one-pfg-icon\">\n                                        <?xml version=\"1.0\" encoding=\"utf-8\"?>\n<svg xmlns=\"http:\/\/www.w3.org\/2000\/svg\" width=\"83.224\" height=\"96.598\" viewBox=\"0 0 83.224 96.598\">\n  <g id=\"1799Icon_Ergotherapeut_in_finden\" data-name=\"Icon Ergotherapeut*in finden\" transform=\"translate(3.5 3.5)\">\n    <circle id=\"1799Ellipse_74\" data-name=\"Ellipse 74\" cx=\"33.658\" cy=\"33.658\" r=\"33.658\" fill=\"none\" stroke=\"#e1077c\" stroke-miterlimit=\"10\" stroke-width=\"7\"\/>\n    <path id=\"1799Path_1045\" data-name=\"Path 1045\" d=\"M49,15.5A24.78,24.78,0,0,1,73.781,40.281\" transform=\"translate(-17.343 -4.623)\" fill=\"none\" stroke=\"#e1077c\" stroke-miterlimit=\"10\" stroke-width=\"7\"\/>\n    <line id=\"1799Line_83\" data-name=\"Line 83\" x2=\"22.932\" y2=\"30.329\" transform=\"translate(54 60.658)\" fill=\"none\" stroke=\"#e1077c\" stroke-miterlimit=\"10\" stroke-width=\"7\"\/>\n  <\/g>\n<\/svg>\n                                    <\/p>\n                                    <p class=\"one-pfg-title\">\n                                        Trouver un\u00b7e ergoth\u00e9rapeute                                    <\/p>\n                                                                            <p class=\"one-pfg-text small-font-size mb_0\">\n                                            Trouvez un\u00b7e ergoth\u00e9rapeute pr\u00e8s de chez vous.<br \/>\r\n<br \/>\r\n                                        <\/p>\n                                                                    <\/div>\n                                <div>\n                                    <p class=\"one-pfg-button\">\n                                                <a href=\"\/fr\/ergotherapie\/trouver-un-ergotherapeute\/\" class=\"the-button\">\n             En savoir plus        <\/a>\n                                        <\/p>\n                                <\/div>\n                            <\/div>\n                        <\/div>\n                                                <div class=\"col-lg-3 col-md-4 col-sm-6\">\n                            <div class=\"one-pre-footer-grid\">\n                                <div>\n                                    <p class=\"one-pfg-icon\">\n                                        <?xml version=\"1.0\" encoding=\"utf-8\"?>\n<svg xmlns=\"http:\/\/www.w3.org\/2000\/svg\" width=\"113.696\" height=\"103.026\" viewBox=\"0 0 113.696 103.026\">\n  <g id=\"7877icon_Stelleninserate\" data-name=\"icon Stelleninserate\" transform=\"translate(3.5 3.5)\">\n    <rect id=\"7877Rectangle_359\" data-name=\"Rectangle 359\" width=\"106.696\" height=\"79.034\" transform=\"translate(0 16.992)\" fill=\"none\" stroke=\"#e1077c\" stroke-miterlimit=\"10\" stroke-width=\"7\"\/>\n    <path id=\"7877Path_1046\" data-name=\"Path 1046\" d=\"M43.542,64.122H19.1L4.84,25.966A.715.715,0,0,1,5.509,25h100a3.928,3.928,0,0,1,3.679,5.3L96.553,64.122H70.764\" transform=\"translate(-3.771 -8.008)\" fill=\"none\" stroke=\"#e1077c\" stroke-miterlimit=\"10\" stroke-width=\"7\"\/>\n    <rect id=\"7877Rectangle_360\" data-name=\"Rectangle 360\" width=\"28.452\" height=\"15.016\" transform=\"translate(39.122 49.791)\" fill=\"none\" stroke=\"#e1077c\" stroke-miterlimit=\"10\" stroke-width=\"7\"\/>\n    <path id=\"7877Path_1047\" data-name=\"Path 1047\" d=\"M44.5,22.073V11.008A7.508,7.508,0,0,1,52.008,3.5H78.88a7.508,7.508,0,0,1,7.508,7.508V22.073\" transform=\"translate(-12.096 -3.5)\" fill=\"none\" stroke=\"#e1077c\" stroke-miterlimit=\"10\" stroke-width=\"7\"\/>\n  <\/g>\n<\/svg>\n                                    <\/p>\n                                    <p class=\"one-pfg-title\">\n                                        Offres d&#8217;emploi                                    <\/p>\n                                                                            <p class=\"one-pfg-text small-font-size mb_0\">\n                                            Postulez \u00e0 un emploi qui vous convient. Vous trouverez ici les offres d&#8217;emploi actuelles.<br \/>\r\n<br \/>\r\n<br \/>\r\n                                        <\/p>\n                                                                    <\/div>\n                                <div>\n                                    <p class=\"one-pfg-button\">\n                                                <a href=\"\/fr\/exercice-de-la-profession\/stelleninserate\/\" class=\"the-button\">\n            En savoir plus        <\/a>\n                                        <\/p>\n                                <\/div>\n                            <\/div>\n                        <\/div>\n                                                <div class=\"col-lg-3 col-md-4 col-sm-6\">\n                            <div class=\"one-pre-footer-grid\">\n                                <div>\n                                    <p class=\"one-pfg-icon\">\n                                        <?xml version=\"1.0\" encoding=\"utf-8\"?>\n<svg id=\"1232icon_Verordnung_Ergotherapie\" data-name=\"icon Verordnung  Ergotherapie\" xmlns=\"http:\/\/www.w3.org\/2000\/svg\" xmlns:xlink=\"http:\/\/www.w3.org\/1999\/xlink\" width=\"129.594\" height=\"127.813\" viewBox=\"0 0 129.594 127.813\">\n  <defs>\n    <clipPath id=\"1232clip-path\">\n      <rect id=\"1232Rectangle_337\" data-name=\"Rectangle 337\" width=\"129.594\" height=\"127.813\" fill=\"none\" stroke=\"#e1077c\" stroke-width=\"1\"\/>\n    <\/clipPath>\n  <\/defs>\n  <g id=\"1232Group_1026\" data-name=\"Group 1026\">\n    <g id=\"1232Group_1025\" data-name=\"Group 1025\" clip-path=\"url(#1232clip-path)\">\n      <path id=\"1232Path_996\" data-name=\"Path 996\" d=\"M101.522,99.942v24.644H3.5V3.5h98.022V33.772\" transform=\"translate(-0.137 -0.137)\" fill=\"none\" stroke=\"#e1077c\" stroke-miterlimit=\"10\" stroke-width=\"7\"\/>\n    <\/g>\n  <\/g>\n  <line id=\"1232Line_68\" data-name=\"Line 68\" x2=\"33.701\" transform=\"translate(30.141 69.673)\" fill=\"none\" stroke=\"#e1077c\" stroke-miterlimit=\"10\" stroke-width=\"7\"\/>\n  <line id=\"1232Line_69\" data-name=\"Line 69\" x1=\"4.11\" transform=\"translate(15.205 69.673)\" fill=\"none\" stroke=\"#e1077c\" stroke-miterlimit=\"10\" stroke-width=\"7\"\/>\n  <line id=\"1232Line_70\" data-name=\"Line 70\" x2=\"33.701\" transform=\"translate(30.652 84.086)\" fill=\"none\" stroke=\"#e1077c\" stroke-miterlimit=\"10\" stroke-width=\"7\"\/>\n  <line id=\"1232Line_71\" data-name=\"Line 71\" x1=\"4.11\" transform=\"translate(15.616 84.086)\" fill=\"none\" stroke=\"#e1077c\" stroke-miterlimit=\"10\" stroke-width=\"7\"\/>\n  <line id=\"1232Line_72\" data-name=\"Line 72\" x1=\"4.11\" transform=\"translate(15.616 97.541)\" fill=\"none\" stroke=\"#e1077c\" stroke-miterlimit=\"10\" stroke-width=\"7\"\/>\n  <line id=\"1232Line_73\" data-name=\"Line 73\" x2=\"33.701\" transform=\"translate(30.652 97.541)\" fill=\"none\" stroke=\"#e1077c\" stroke-miterlimit=\"10\" stroke-width=\"7\"\/>\n  <line id=\"1232Line_74\" data-name=\"Line 74\" x1=\"12.741\" transform=\"translate(51.89 113.428)\" fill=\"none\" stroke=\"#e1077c\" stroke-miterlimit=\"10\" stroke-width=\"7\"\/>\n  <g id=\"1232Group_1028\" data-name=\"Group 1028\">\n    <g id=\"1232Group_1027\" data-name=\"Group 1027\" clip-path=\"url(#1232clip-path)\">\n      <circle id=\"1232Ellipse_68\" data-name=\"Ellipse 68\" cx=\"20.661\" cy=\"20.661\" r=\"20.661\" transform=\"translate(31.231 16.817)\" fill=\"none\" stroke=\"#e1077c\" stroke-miterlimit=\"10\" stroke-width=\"7\"\/>\n      <path id=\"1232Path_997\" data-name=\"Path 997\" d=\"M39.5,52.176a15.085,15.085,0,0,1,13.948-7.971c5.739,0,10.792,2.2,13.317,7.971\" transform=\"translate(-1.541 -1.724)\" fill=\"none\" stroke=\"#e1077c\" stroke-miterlimit=\"10\" stroke-width=\"7\"\/>\n      <path id=\"1232Path_998\" data-name=\"Path 998\" d=\"M60.866,34.668c0,4.511-3.227,8.168-7.207,8.168s-7.207-3.658-7.207-8.168S49.679,26.5,53.659,26.5,60.866,30.158,60.866,34.668Z\" transform=\"translate(-1.812 -1.034)\" fill=\"none\" stroke=\"#e1077c\" stroke-miterlimit=\"10\" stroke-width=\"7\"\/>\n      <path id=\"1232Path_999\" data-name=\"Path 999\" d=\"M82.706,104.02l2.323-16.637,31.9-52.935L128.2,41.243,96.106,94.5Z\" transform=\"translate(-3.226 -1.344)\" fill=\"none\" stroke=\"#e1077c\" stroke-miterlimit=\"10\" stroke-width=\"7\"\/>\n      <line id=\"1232Line_75\" data-name=\"Line 75\" x2=\"11.273\" y2=\"6.794\" transform=\"translate(105.691 46.4)\" fill=\"none\" stroke=\"#e1077c\" stroke-miterlimit=\"10\" stroke-width=\"7\"\/>\n      <line id=\"1232Line_76\" data-name=\"Line 76\" x2=\"11.273\" y2=\"6.794\" transform=\"translate(83.436 83.588)\" fill=\"none\" stroke=\"#e1077c\" stroke-miterlimit=\"10\" stroke-width=\"7\"\/>\n    <\/g>\n  <\/g>\n<\/svg>\n                                    <\/p>\n                                    <p class=\"one-pfg-title\">\n                                        Prescription d&rsquo;ergoth\u00e9rapie                                    <\/p>\n                                                                            <p class=\"one-pfg-text small-font-size mb_0\">\n                                            Pour les m\u00e9decins : t\u00e9l\u00e9chargez ici le formulaire de prescription d&rsquo;ergoth\u00e9rapie.<br \/>\r\n<br \/>\r\n                                        <\/p>\n                                                                    <\/div>\n                                <div>\n                                    <p class=\"one-pfg-button\">\n                                                <a href=\"https:\/\/ergotherapie.ch\/fr\/ordonnance\/\" class=\"the-button\">\n             En savoir plus        <\/a>\n                                        <\/p>\n                                <\/div>\n                            <\/div>\n                        <\/div>\n                                        <\/div>\n            <\/div>\n        <\/div>\n        ","protected":false},"excerpt":{"rendered":"","protected":false},"author":6,"featured_media":0,"parent":6457,"menu_order":0,"comment_status":"closed","ping_status":"closed","template":"","meta":{"_acf_changed":false,"footnotes":""},"class_list":["post-6757","page","type-page","status-publish","hentry"],"acf":[],"yoast_head":"<!-- This site is optimized with the Yoast SEO Premium plugin v27.4 (Yoast SEO v27.4) - https:\/\/yoast.com\/product\/yoast-seo-premium-wordpress\/ -->\n<title>Offre cours de perfectionnement de l&#039;ASE - Ergotherapie-Verband<\/title>\n<meta name=\"robots\" content=\"index, follow, max-snippet:-1, max-image-preview:large, max-video-preview:-1\" \/>\n<link rel=\"canonical\" href=\"https:\/\/ergotherapie.ch\/fr\/formation\/formations-continues-et-perfectionnements\/\" \/>\n<meta property=\"og:locale\" content=\"fr_FR\" \/>\n<meta property=\"og:type\" content=\"article\" \/>\n<meta property=\"og:title\" content=\"Offre cours de perfectionnement de l&#039;ASE\" \/>\n<meta property=\"og:url\" content=\"https:\/\/ergotherapie.ch\/fr\/formation\/formations-continues-et-perfectionnements\/\" \/>\n<meta property=\"og:site_name\" content=\"Ergotherapie-Verband\" \/>\n<meta property=\"article:modified_time\" content=\"2026-03-05T09:43:14+00:00\" \/>\n<meta name=\"twitter:card\" content=\"summary_large_image\" \/>\n<script type=\"application\/ld+json\" class=\"yoast-schema-graph\">{\"@context\":\"https:\\\/\\\/schema.org\",\"@graph\":[{\"@type\":\"WebPage\",\"@id\":\"https:\\\/\\\/ergotherapie.ch\\\/fr\\\/formation\\\/formations-continues-et-perfectionnements\\\/\",\"url\":\"https:\\\/\\\/ergotherapie.ch\\\/fr\\\/formation\\\/formations-continues-et-perfectionnements\\\/\",\"name\":\"Offre cours de perfectionnement de l'ASE - Ergotherapie-Verband\",\"isPartOf\":{\"@id\":\"https:\\\/\\\/ergotherapie.ch\\\/fr\\\/#website\"},\"datePublished\":\"2024-12-23T20:30:30+00:00\",\"dateModified\":\"2026-03-05T09:43:14+00:00\",\"breadcrumb\":{\"@id\":\"https:\\\/\\\/ergotherapie.ch\\\/fr\\\/formation\\\/formations-continues-et-perfectionnements\\\/#breadcrumb\"},\"inLanguage\":\"fr-FR\",\"potentialAction\":[{\"@type\":\"ReadAction\",\"target\":[\"https:\\\/\\\/ergotherapie.ch\\\/fr\\\/formation\\\/formations-continues-et-perfectionnements\\\/\"]}]},{\"@type\":\"BreadcrumbList\",\"@id\":\"https:\\\/\\\/ergotherapie.ch\\\/fr\\\/formation\\\/formations-continues-et-perfectionnements\\\/#breadcrumb\",\"itemListElement\":[{\"@type\":\"ListItem\",\"position\":1,\"name\":\"Home\",\"item\":\"https:\\\/\\\/ergotherapie.ch\\\/fr\\\/\"},{\"@type\":\"ListItem\",\"position\":2,\"name\":\"Formation\",\"item\":\"https:\\\/\\\/ergotherapie.ch\\\/fr\\\/formation\\\/\"},{\"@type\":\"ListItem\",\"position\":3,\"name\":\"Offre cours de perfectionnement de l&#8217;ASE\"}]},{\"@type\":\"WebSite\",\"@id\":\"https:\\\/\\\/ergotherapie.ch\\\/fr\\\/#website\",\"url\":\"https:\\\/\\\/ergotherapie.ch\\\/fr\\\/\",\"name\":\"Ergotherapie-Verband\",\"description\":\"\",\"potentialAction\":[{\"@type\":\"SearchAction\",\"target\":{\"@type\":\"EntryPoint\",\"urlTemplate\":\"https:\\\/\\\/ergotherapie.ch\\\/fr\\\/?s={search_term_string}\"},\"query-input\":{\"@type\":\"PropertyValueSpecification\",\"valueRequired\":true,\"valueName\":\"search_term_string\"}}],\"inLanguage\":\"fr-FR\"}]}<\/script>\n<!-- \/ Yoast SEO Premium plugin. -->","yoast_head_json":{"title":"Offre cours de perfectionnement de l'ASE - Ergotherapie-Verband","robots":{"index":"index","follow":"follow","max-snippet":"max-snippet:-1","max-image-preview":"max-image-preview:large","max-video-preview":"max-video-preview:-1"},"canonical":"https:\/\/ergotherapie.ch\/fr\/formation\/formations-continues-et-perfectionnements\/","og_locale":"fr_FR","og_type":"article","og_title":"Offre cours de perfectionnement de l'ASE","og_url":"https:\/\/ergotherapie.ch\/fr\/formation\/formations-continues-et-perfectionnements\/","og_site_name":"Ergotherapie-Verband","article_modified_time":"2026-03-05T09:43:14+00:00","twitter_card":"summary_large_image","schema":{"@context":"https:\/\/schema.org","@graph":[{"@type":"WebPage","@id":"https:\/\/ergotherapie.ch\/fr\/formation\/formations-continues-et-perfectionnements\/","url":"https:\/\/ergotherapie.ch\/fr\/formation\/formations-continues-et-perfectionnements\/","name":"Offre cours de perfectionnement de l'ASE - Ergotherapie-Verband","isPartOf":{"@id":"https:\/\/ergotherapie.ch\/fr\/#website"},"datePublished":"2024-12-23T20:30:30+00:00","dateModified":"2026-03-05T09:43:14+00:00","breadcrumb":{"@id":"https:\/\/ergotherapie.ch\/fr\/formation\/formations-continues-et-perfectionnements\/#breadcrumb"},"inLanguage":"fr-FR","potentialAction":[{"@type":"ReadAction","target":["https:\/\/ergotherapie.ch\/fr\/formation\/formations-continues-et-perfectionnements\/"]}]},{"@type":"BreadcrumbList","@id":"https:\/\/ergotherapie.ch\/fr\/formation\/formations-continues-et-perfectionnements\/#breadcrumb","itemListElement":[{"@type":"ListItem","position":1,"name":"Home","item":"https:\/\/ergotherapie.ch\/fr\/"},{"@type":"ListItem","position":2,"name":"Formation","item":"https:\/\/ergotherapie.ch\/fr\/formation\/"},{"@type":"ListItem","position":3,"name":"Offre cours de perfectionnement de l&#8217;ASE"}]},{"@type":"WebSite","@id":"https:\/\/ergotherapie.ch\/fr\/#website","url":"https:\/\/ergotherapie.ch\/fr\/","name":"Ergotherapie-Verband","description":"","potentialAction":[{"@type":"SearchAction","target":{"@type":"EntryPoint","urlTemplate":"https:\/\/ergotherapie.ch\/fr\/?s={search_term_string}"},"query-input":{"@type":"PropertyValueSpecification","valueRequired":true,"valueName":"search_term_string"}}],"inLanguage":"fr-FR"}]}},"_links":{"self":[{"href":"https:\/\/ergotherapie.ch\/fr\/wp-json\/wp\/v2\/pages\/6757","targetHints":{"allow":["GET"]}}],"collection":[{"href":"https:\/\/ergotherapie.ch\/fr\/wp-json\/wp\/v2\/pages"}],"about":[{"href":"https:\/\/ergotherapie.ch\/fr\/wp-json\/wp\/v2\/types\/page"}],"author":[{"embeddable":true,"href":"https:\/\/ergotherapie.ch\/fr\/wp-json\/wp\/v2\/users\/6"}],"replies":[{"embeddable":true,"href":"https:\/\/ergotherapie.ch\/fr\/wp-json\/wp\/v2\/comments?post=6757"}],"version-history":[{"count":38,"href":"https:\/\/ergotherapie.ch\/fr\/wp-json\/wp\/v2\/pages\/6757\/revisions"}],"predecessor-version":[{"id":21876,"href":"https:\/\/ergotherapie.ch\/fr\/wp-json\/wp\/v2\/pages\/6757\/revisions\/21876"}],"up":[{"embeddable":true,"href":"https:\/\/ergotherapie.ch\/fr\/wp-json\/wp\/v2\/pages\/6457"}],"wp:attachment":[{"href":"https:\/\/ergotherapie.ch\/fr\/wp-json\/wp\/v2\/media?parent=6757"}],"curies":[{"name":"wp","href":"https:\/\/api.w.org\/{rel}","templated":true}]}}