{"id":7317,"date":"2024-12-23T22:27:50","date_gmt":"2024-12-23T22:27:50","guid":{"rendered":"https:\/\/dev.ergo.bertaeins.ch\/ergotherapie\/champs-dapplication\/maladies-oncologiques\/"},"modified":"2025-04-02T15:49:33","modified_gmt":"2025-04-02T15:49:33","slug":"maladies-oncologiques","status":"publish","type":"page","link":"https:\/\/ergotherapie.ch\/fr\/ergotherapie\/champs-dapplication\/maladies-oncologiques\/","title":{"rendered":"Maladies oncologiques"},"content":{"rendered":"<div id=\"hero-with-arc\">\n    <div class=\"container-fluid\">\n        <div class=\"hero-with-arc-art\">\n            <img decoding=\"async\" src=\"https:\/\/ergotherapie.ch\/wp-content\/themes\/ergo-theme\/assets\/images\/header_arc.svg\" alt=\"Arc\" \/>\n        <\/div>\n        <div class=\"hw-content\">\n            <div class=\"hw-content-editor-wrapper\">\n                <h2 id=\"p0\" class=\"title\">L\u2019ergoth\u00e9rapie en cas de maladies oncologiques<\/h2>\n<p>Un cancer peut impliquer des changements physiques, psychiques et sociaux qui ont une incidence dans la vie quotidienne. Des difficult\u00e9s dans les activit\u00e9s habituelles, les t\u00e2ches domestiques, les loisirs, les activit\u00e9s professionnelles et scolaires peuvent survenir. En raison d\u2019une grande fatigue, de troubles sensoriels, de douleurs et d\u2019autres troubles, les personnes concern\u00e9es ont souvent du mal \u00e0 faire leur toilette et \u00e0 s\u2019habiller, \u00e0 faire le m\u00e9nage, \u00e0 se rendre dans un lieu ou \u00e0 participer \u00e0 des activit\u00e9s de loisirs.<\/p>\n<p>Les ergoth\u00e9rapeutes s\u2019adaptent \u00e0 chaque personne en fonction de sa situation, de son histoire de vie, ses valeurs et ses croyances, du stade de la maladie et des r\u00e9percussions et besoins qui en d\u00e9coulent.<\/p>\n                            <\/div>\n        <\/div>\n    <\/div>\n<\/div>\n\n\n        <div class=\"other-topics\">\n            <div class=\"container-fluid\">\n                <h2>\n                    Autres champs d\u2019application                <\/h2>\n                <div class=\"other-topics-slider owl-carousel\">\n                                            <div class=\"oa-wrapper\">\n                            <div class=\"one-application\">\n                                <h3>\n                                    Int\u00e9gration professionnelle                                <\/h3>\n                                <p class=\"the-app-text mb_0\">\n                                    <strong>\n                                    Pour de nombreuses personnes, l\u2019activit\u00e9 professionnelle a un sens et assure leur subsistance. Le travail donne une structure et favorise la participation sociale dans la vie quotidienne. L\u2019ergoth\u00e9rapie apporte un soutien aux personnes qui, pour des raisons de sant\u00e9, ne peuvent plus exercer leur activit\u00e9 professionnelle comme \u00e0 l\u2019accoutum\u00e9e.                                    <\/strong>\n                                <\/p>\n                                                                    <p class=\"button-wrapper\">\n                                        <a href=\"https:\/\/ergotherapie.ch\/fr\/ergotherapie\/champs-dapplication\/integration-professionnelle\/\">\n                                            En savoir plus                                        <\/a>\n                                    <\/p>\n                                                            <\/div>\n                        <\/div>\n                                                <div class=\"oa-wrapper\">\n                            <div class=\"one-application\">\n                                <h3>\n                                    Enfants et jeunes                                <\/h3>\n                                <p class=\"the-app-text mb_0\">\n                                    <strong>\n                                    Les ergoth\u00e9rapeutes aident les enfants et les jeunes qui sont limit\u00e9s dans leur capacit\u00e9 d\u2019action en raison d\u2019un trouble sensoriel, moteur, cognitif ou psychique cong\u00e9nital, du d\u00e9veloppement ou acquis.                                    <\/strong>\n                                <\/p>\n                                                                    <p class=\"button-wrapper\">\n                                        <a href=\"https:\/\/ergotherapie.ch\/fr\/ergotherapie\/champs-dapplication\/enfants-et-jeunes\/\">\n                                            En savoir plus                                        <\/a>\n                                    <\/p>\n                                                            <\/div>\n                        <\/div>\n                                                <div class=\"oa-wrapper\">\n                            <div class=\"one-application\">\n                                <h3>\n                                    Maladies et blessures neurologiques                                <\/h3>\n                                <p class=\"the-app-text mb_0\">\n                                    <strong>\n                                    Les maladies et les blessures du syst\u00e8me nerveux central peuvent avoir un impact majeur sur les aptitudes sensori-motrices, les fonctions cognitives et \u00e9motionnelles, ainsi que la vie sociale. Les ergoth\u00e9rapeutes soutiennent les personnes dont la capacit\u00e9 d\u2019action est limit\u00e9e \u00e0 cause de ces handicaps.                                    <\/strong>\n                                <\/p>\n                                                                    <p class=\"button-wrapper\">\n                                        <a href=\"https:\/\/ergotherapie.ch\/fr\/ergotherapie\/champs-dapplication\/maladies-et-blessures-neurologiques\/\">\n                                            En savoir plus                                        <\/a>\n                                    <\/p>\n                                                            <\/div>\n                        <\/div>\n                                                <div class=\"oa-wrapper\">\n                            <div class=\"one-application\">\n                                <h3>\n                                    Membres sup\u00e9rieurs                                <\/h3>\n                                <p class=\"the-app-text mb_0\">\n                                    <strong>\n                                    L\u2019ergoth\u00e9rapie vient en aide aux enfants et aux adultes qui sont limit\u00e9\u00b7e\u00b7s dans leur capacit\u00e9 d\u2019action quotidienne ou professionnelle \u00e0 cause d\u2019une l\u00e9sion ou d\u2019une maladie de la main, du bras ou de l\u2019\u00e9paule.                                    <\/strong>\n                                <\/p>\n                                                                    <p class=\"button-wrapper\">\n                                        <a href=\"https:\/\/ergotherapie.ch\/fr\/ergotherapie\/champs-dapplication\/membres-superieurs\/\">\n                                            En savoir plus                                        <\/a>\n                                    <\/p>\n                                                            <\/div>\n                        <\/div>\n                                                <div class=\"oa-wrapper\">\n                            <div class=\"one-application\">\n                                <h3>\n                                    Sant\u00e9 mentale                                <\/h3>\n                                <p class=\"the-app-text mb_0\">\n                                    <strong>\n                                    Les ergoth\u00e9rapeutes permettent aux personnes limit\u00e9es dans leur capacit\u00e9 d\u2019action au quotidien ou dans leur profession en raison d\u2019une maladie psychique, d\u2019un accident ou de conditions sociales, d\u2019organiser leur quotidien de fa\u00e7on satisfaisante.                                     <\/strong>\n                                <\/p>\n                                                                    <p class=\"button-wrapper\">\n                                        <a href=\"https:\/\/ergotherapie.ch\/fr\/ergotherapie\/champs-dapplication\/sante-mentale\/\">\n                                            En savoir plus                                        <\/a>\n                                    <\/p>\n                                                            <\/div>\n                        <\/div>\n                                        <\/div>\n            <\/div>\n        <\/div>\n        \n\n        <div  class=\"pre-footer-grid \">\n            <div class=\"container-fluid\">\n                <div class=\"row row-spaced\">\n                                            <div class=\"col-lg-3 col-md-4 col-sm-6\">\n                            <div class=\"one-pre-footer-grid\">\n                                <div>\n                                    <p class=\"one-pfg-icon\">\n                                        <?xml version=\"1.0\" encoding=\"utf-8\"?>\n<svg id=\"884Icon_Kursangebot\" data-name=\"Icon Kursangebot\" xmlns=\"http:\/\/www.w3.org\/2000\/svg\" xmlns:xlink=\"http:\/\/www.w3.org\/1999\/xlink\" width=\"138.686\" height=\"102.621\" viewBox=\"0 0 138.686 102.621\">\n  <defs>\n    <clipPath id=\"884clip-path\">\n      <rect id=\"884Rectangle_334\" data-name=\"Rectangle 334\" width=\"138.686\" height=\"102.621\" fill=\"none\" stroke=\"#e1077c\" stroke-width=\"1\"\/>\n    <\/clipPath>\n  <\/defs>\n  <g id=\"884Group_1023\" data-name=\"Group 1023\" clip-path=\"url(#884clip-path)\">\n    <path id=\"884Path_991\" data-name=\"Path 991\" d=\"M38.489,61.233V96.256S47.427,116.5,79.986,117c0,.264,33.281-1.676,40.516-19.764v-36\" transform=\"translate(-10.641 -16.93)\" fill=\"none\" stroke=\"#e1077c\" stroke-miterlimit=\"10\" stroke-width=\"7\"\/>\n    <path id=\"884Path_992\" data-name=\"Path 992\" d=\"M95.165,44.51l55.44,6.065V106.59\" transform=\"translate(-26.311 -12.306)\" fill=\"none\" stroke=\"#e1077c\" stroke-miterlimit=\"10\" stroke-width=\"7\"\/>\n    <path id=\"884Path_993\" data-name=\"Path 993\" d=\"M69.918,63.53,3.547,34.045a.079.079,0,0,1,0-.145L69.917,3.507a.074.074,0,0,1,.065,0L137.074,33.9a.079.079,0,0,1,0,.145L69.981,63.53A.075.075,0,0,1,69.918,63.53Z\" transform=\"translate(-0.968 -0.968)\" fill=\"none\" stroke=\"#e1077c\" stroke-miterlimit=\"10\" stroke-width=\"7\"\/>\n  <\/g>\n<\/svg>\n                                    <\/p>\n                                    <p class=\"one-pfg-title\">\n                                        Offre de cours                                    <\/p>\n                                                                            <p class=\"one-pfg-text small-font-size mb_0\">\n                                            D\u00e9couvrez le large \u00e9ventail de formations et de formations continues propos\u00e9es par l&rsquo;ASE et inscrivez-vous d\u00e8s maintenant en ligne.<br \/>\r\n<br \/>\r\n                                        <\/p>\n                                                                    <\/div>\n                                <div>\n                                    <p class=\"one-pfg-button\">\n                                                <a href=\"\/fr\/formation\/formations-continues-et-perfectionnements\/\" class=\"the-button\">\n            En savoir plus        <\/a>\n                                        <\/p>\n                                <\/div>\n                            <\/div>\n                        <\/div>\n                                                <div class=\"col-lg-3 col-md-4 col-sm-6\">\n                            <div class=\"one-pre-footer-grid\">\n                                <div>\n                                    <p class=\"one-pfg-icon\">\n                                        <?xml version=\"1.0\" encoding=\"utf-8\"?>\n<svg xmlns=\"http:\/\/www.w3.org\/2000\/svg\" width=\"83.224\" height=\"96.598\" viewBox=\"0 0 83.224 96.598\">\n  <g id=\"7170Icon_Ergotherapeut_in_finden\" data-name=\"Icon Ergotherapeut*in finden\" transform=\"translate(3.5 3.5)\">\n    <circle id=\"7170Ellipse_74\" data-name=\"Ellipse 74\" cx=\"33.658\" cy=\"33.658\" r=\"33.658\" fill=\"none\" stroke=\"#e1077c\" stroke-miterlimit=\"10\" stroke-width=\"7\"\/>\n    <path id=\"7170Path_1045\" data-name=\"Path 1045\" d=\"M49,15.5A24.78,24.78,0,0,1,73.781,40.281\" transform=\"translate(-17.343 -4.623)\" fill=\"none\" stroke=\"#e1077c\" stroke-miterlimit=\"10\" stroke-width=\"7\"\/>\n    <line id=\"7170Line_83\" data-name=\"Line 83\" x2=\"22.932\" y2=\"30.329\" transform=\"translate(54 60.658)\" fill=\"none\" stroke=\"#e1077c\" stroke-miterlimit=\"10\" stroke-width=\"7\"\/>\n  <\/g>\n<\/svg>\n                                    <\/p>\n                                    <p class=\"one-pfg-title\">\n                                        Trouver un\u00b7e ergoth\u00e9rapeute                                    <\/p>\n                                                                            <p class=\"one-pfg-text small-font-size mb_0\">\n                                            Trouvez un\u00b7e ergoth\u00e9rapeute pr\u00e8s de chez vous.<br \/>\r\n<br \/>\r\n                                        <\/p>\n                                                                    <\/div>\n                                <div>\n                                    <p class=\"one-pfg-button\">\n                                                <a href=\"\/fr\/ergotherapie\/trouver-un-ergotherapeute\/\" class=\"the-button\">\n             En savoir plus        <\/a>\n                                        <\/p>\n                                <\/div>\n                            <\/div>\n                        <\/div>\n                                                <div class=\"col-lg-3 col-md-4 col-sm-6\">\n                            <div class=\"one-pre-footer-grid\">\n                                <div>\n                                    <p class=\"one-pfg-icon\">\n                                        <?xml version=\"1.0\" encoding=\"utf-8\"?>\n<svg xmlns=\"http:\/\/www.w3.org\/2000\/svg\" width=\"113.696\" height=\"103.026\" viewBox=\"0 0 113.696 103.026\">\n  <g id=\"9054icon_Stelleninserate\" data-name=\"icon Stelleninserate\" transform=\"translate(3.5 3.5)\">\n    <rect id=\"9054Rectangle_359\" data-name=\"Rectangle 359\" width=\"106.696\" height=\"79.034\" transform=\"translate(0 16.992)\" fill=\"none\" stroke=\"#e1077c\" stroke-miterlimit=\"10\" stroke-width=\"7\"\/>\n    <path id=\"9054Path_1046\" data-name=\"Path 1046\" d=\"M43.542,64.122H19.1L4.84,25.966A.715.715,0,0,1,5.509,25h100a3.928,3.928,0,0,1,3.679,5.3L96.553,64.122H70.764\" transform=\"translate(-3.771 -8.008)\" fill=\"none\" stroke=\"#e1077c\" stroke-miterlimit=\"10\" stroke-width=\"7\"\/>\n    <rect id=\"9054Rectangle_360\" data-name=\"Rectangle 360\" width=\"28.452\" height=\"15.016\" transform=\"translate(39.122 49.791)\" fill=\"none\" stroke=\"#e1077c\" stroke-miterlimit=\"10\" stroke-width=\"7\"\/>\n    <path id=\"9054Path_1047\" data-name=\"Path 1047\" d=\"M44.5,22.073V11.008A7.508,7.508,0,0,1,52.008,3.5H78.88a7.508,7.508,0,0,1,7.508,7.508V22.073\" transform=\"translate(-12.096 -3.5)\" fill=\"none\" stroke=\"#e1077c\" stroke-miterlimit=\"10\" stroke-width=\"7\"\/>\n  <\/g>\n<\/svg>\n                                    <\/p>\n                                    <p class=\"one-pfg-title\">\n                                        Offres d&#8217;emploi                                    <\/p>\n                                                                            <p class=\"one-pfg-text small-font-size mb_0\">\n                                            Postulez \u00e0 un emploi qui vous convient. Vous trouverez ici les offres d&#8217;emploi actuelles.<br \/>\r\n<br \/>\r\n<br \/>\r\n                                        <\/p>\n                                                                    <\/div>\n                                <div>\n                                    <p class=\"one-pfg-button\">\n                                                <a href=\"\/fr\/exercice-de-la-profession\/stelleninserate\/\" class=\"the-button\">\n            En savoir plus        <\/a>\n                                        <\/p>\n                                <\/div>\n                            <\/div>\n                        <\/div>\n                                                <div class=\"col-lg-3 col-md-4 col-sm-6\">\n                            <div class=\"one-pre-footer-grid\">\n                                <div>\n                                    <p class=\"one-pfg-icon\">\n                                        <?xml version=\"1.0\" encoding=\"utf-8\"?>\n<svg id=\"8997icon_Verordnung_Ergotherapie\" data-name=\"icon Verordnung  Ergotherapie\" xmlns=\"http:\/\/www.w3.org\/2000\/svg\" xmlns:xlink=\"http:\/\/www.w3.org\/1999\/xlink\" width=\"129.594\" height=\"127.813\" viewBox=\"0 0 129.594 127.813\">\n  <defs>\n    <clipPath id=\"8997clip-path\">\n      <rect id=\"8997Rectangle_337\" data-name=\"Rectangle 337\" width=\"129.594\" height=\"127.813\" fill=\"none\" stroke=\"#e1077c\" stroke-width=\"1\"\/>\n    <\/clipPath>\n  <\/defs>\n  <g id=\"8997Group_1026\" data-name=\"Group 1026\">\n    <g id=\"8997Group_1025\" data-name=\"Group 1025\" clip-path=\"url(#8997clip-path)\">\n      <path id=\"8997Path_996\" data-name=\"Path 996\" d=\"M101.522,99.942v24.644H3.5V3.5h98.022V33.772\" transform=\"translate(-0.137 -0.137)\" fill=\"none\" stroke=\"#e1077c\" stroke-miterlimit=\"10\" stroke-width=\"7\"\/>\n    <\/g>\n  <\/g>\n  <line id=\"8997Line_68\" data-name=\"Line 68\" x2=\"33.701\" transform=\"translate(30.141 69.673)\" fill=\"none\" stroke=\"#e1077c\" stroke-miterlimit=\"10\" stroke-width=\"7\"\/>\n  <line id=\"8997Line_69\" data-name=\"Line 69\" x1=\"4.11\" transform=\"translate(15.205 69.673)\" fill=\"none\" stroke=\"#e1077c\" stroke-miterlimit=\"10\" stroke-width=\"7\"\/>\n  <line id=\"8997Line_70\" data-name=\"Line 70\" x2=\"33.701\" transform=\"translate(30.652 84.086)\" fill=\"none\" stroke=\"#e1077c\" stroke-miterlimit=\"10\" stroke-width=\"7\"\/>\n  <line id=\"8997Line_71\" data-name=\"Line 71\" x1=\"4.11\" transform=\"translate(15.616 84.086)\" fill=\"none\" stroke=\"#e1077c\" stroke-miterlimit=\"10\" stroke-width=\"7\"\/>\n  <line id=\"8997Line_72\" data-name=\"Line 72\" x1=\"4.11\" transform=\"translate(15.616 97.541)\" fill=\"none\" stroke=\"#e1077c\" stroke-miterlimit=\"10\" stroke-width=\"7\"\/>\n  <line id=\"8997Line_73\" data-name=\"Line 73\" x2=\"33.701\" transform=\"translate(30.652 97.541)\" fill=\"none\" stroke=\"#e1077c\" stroke-miterlimit=\"10\" stroke-width=\"7\"\/>\n  <line id=\"8997Line_74\" data-name=\"Line 74\" x1=\"12.741\" transform=\"translate(51.89 113.428)\" fill=\"none\" stroke=\"#e1077c\" stroke-miterlimit=\"10\" stroke-width=\"7\"\/>\n  <g id=\"8997Group_1028\" data-name=\"Group 1028\">\n    <g id=\"8997Group_1027\" data-name=\"Group 1027\" clip-path=\"url(#8997clip-path)\">\n      <circle id=\"8997Ellipse_68\" data-name=\"Ellipse 68\" cx=\"20.661\" cy=\"20.661\" r=\"20.661\" transform=\"translate(31.231 16.817)\" fill=\"none\" stroke=\"#e1077c\" stroke-miterlimit=\"10\" stroke-width=\"7\"\/>\n      <path id=\"8997Path_997\" data-name=\"Path 997\" d=\"M39.5,52.176a15.085,15.085,0,0,1,13.948-7.971c5.739,0,10.792,2.2,13.317,7.971\" transform=\"translate(-1.541 -1.724)\" fill=\"none\" stroke=\"#e1077c\" stroke-miterlimit=\"10\" stroke-width=\"7\"\/>\n      <path id=\"8997Path_998\" data-name=\"Path 998\" d=\"M60.866,34.668c0,4.511-3.227,8.168-7.207,8.168s-7.207-3.658-7.207-8.168S49.679,26.5,53.659,26.5,60.866,30.158,60.866,34.668Z\" transform=\"translate(-1.812 -1.034)\" fill=\"none\" stroke=\"#e1077c\" stroke-miterlimit=\"10\" stroke-width=\"7\"\/>\n      <path id=\"8997Path_999\" data-name=\"Path 999\" d=\"M82.706,104.02l2.323-16.637,31.9-52.935L128.2,41.243,96.106,94.5Z\" transform=\"translate(-3.226 -1.344)\" fill=\"none\" stroke=\"#e1077c\" stroke-miterlimit=\"10\" stroke-width=\"7\"\/>\n      <line id=\"8997Line_75\" data-name=\"Line 75\" x2=\"11.273\" y2=\"6.794\" transform=\"translate(105.691 46.4)\" fill=\"none\" stroke=\"#e1077c\" stroke-miterlimit=\"10\" stroke-width=\"7\"\/>\n      <line id=\"8997Line_76\" data-name=\"Line 76\" x2=\"11.273\" y2=\"6.794\" transform=\"translate(83.436 83.588)\" fill=\"none\" stroke=\"#e1077c\" stroke-miterlimit=\"10\" stroke-width=\"7\"\/>\n    <\/g>\n  <\/g>\n<\/svg>\n                                    <\/p>\n                                    <p class=\"one-pfg-title\">\n                                        Prescription d&rsquo;ergoth\u00e9rapie                                    <\/p>\n                                                                            <p class=\"one-pfg-text small-font-size mb_0\">\n                                            Pour les m\u00e9decins : t\u00e9l\u00e9chargez ici le formulaire de prescription d&rsquo;ergoth\u00e9rapie.<br \/>\r\n<br \/>\r\n                                        <\/p>\n                                                                    <\/div>\n                                <div>\n                                    <p class=\"one-pfg-button\">\n                                                <a href=\"https:\/\/ergotherapie.ch\/fr\/ordonnance\/\" class=\"the-button\">\n             En savoir plus        <\/a>\n                                        <\/p>\n                                <\/div>\n                            <\/div>\n                        <\/div>\n                                        <\/div>\n            <\/div>\n        <\/div>\n        ","protected":false},"excerpt":{"rendered":"","protected":false},"author":6,"featured_media":0,"parent":7150,"menu_order":0,"comment_status":"closed","ping_status":"closed","template":"","meta":{"_acf_changed":false,"footnotes":""},"class_list":["post-7317","page","type-page","status-publish","hentry"],"acf":[],"yoast_head":"<!-- This site is optimized with the Yoast SEO Premium plugin v27.4 (Yoast SEO v27.4) - https:\/\/yoast.com\/product\/yoast-seo-premium-wordpress\/ -->\n<title>Maladies oncologiques - Ergotherapie-Verband<\/title>\n<meta name=\"robots\" content=\"index, follow, max-snippet:-1, max-image-preview:large, max-video-preview:-1\" \/>\n<link rel=\"canonical\" href=\"https:\/\/ergotherapie.ch\/fr\/ergotherapie\/champs-dapplication\/maladies-oncologiques\/\" \/>\n<meta property=\"og:locale\" content=\"fr_FR\" \/>\n<meta property=\"og:type\" content=\"article\" \/>\n<meta property=\"og:title\" content=\"Maladies oncologiques\" \/>\n<meta property=\"og:url\" content=\"https:\/\/ergotherapie.ch\/fr\/ergotherapie\/champs-dapplication\/maladies-oncologiques\/\" \/>\n<meta property=\"og:site_name\" content=\"Ergotherapie-Verband\" \/>\n<meta property=\"article:modified_time\" content=\"2025-04-02T15:49:33+00:00\" \/>\n<meta name=\"twitter:card\" content=\"summary_large_image\" \/>\n<script type=\"application\/ld+json\" class=\"yoast-schema-graph\">{\"@context\":\"https:\\\/\\\/schema.org\",\"@graph\":[{\"@type\":\"WebPage\",\"@id\":\"https:\\\/\\\/ergotherapie.ch\\\/fr\\\/ergotherapie\\\/champs-dapplication\\\/maladies-oncologiques\\\/\",\"url\":\"https:\\\/\\\/ergotherapie.ch\\\/fr\\\/ergotherapie\\\/champs-dapplication\\\/maladies-oncologiques\\\/\",\"name\":\"Maladies oncologiques - Ergotherapie-Verband\",\"isPartOf\":{\"@id\":\"https:\\\/\\\/ergotherapie.ch\\\/fr\\\/#website\"},\"datePublished\":\"2024-12-23T22:27:50+00:00\",\"dateModified\":\"2025-04-02T15:49:33+00:00\",\"breadcrumb\":{\"@id\":\"https:\\\/\\\/ergotherapie.ch\\\/fr\\\/ergotherapie\\\/champs-dapplication\\\/maladies-oncologiques\\\/#breadcrumb\"},\"inLanguage\":\"fr-FR\",\"potentialAction\":[{\"@type\":\"ReadAction\",\"target\":[\"https:\\\/\\\/ergotherapie.ch\\\/fr\\\/ergotherapie\\\/champs-dapplication\\\/maladies-oncologiques\\\/\"]}]},{\"@type\":\"BreadcrumbList\",\"@id\":\"https:\\\/\\\/ergotherapie.ch\\\/fr\\\/ergotherapie\\\/champs-dapplication\\\/maladies-oncologiques\\\/#breadcrumb\",\"itemListElement\":[{\"@type\":\"ListItem\",\"position\":1,\"name\":\"Home\",\"item\":\"https:\\\/\\\/ergotherapie.ch\\\/fr\\\/\"},{\"@type\":\"ListItem\",\"position\":2,\"name\":\"Ergoth\u00e9rapie\",\"item\":\"https:\\\/\\\/ergotherapie.ch\\\/fr\\\/ergotherapie\\\/\"},{\"@type\":\"ListItem\",\"position\":3,\"name\":\"Champs d\u2019application\",\"item\":\"https:\\\/\\\/ergotherapie.ch\\\/fr\\\/ergotherapie\\\/champs-dapplication\\\/\"},{\"@type\":\"ListItem\",\"position\":4,\"name\":\"Maladies oncologiques\"}]},{\"@type\":\"WebSite\",\"@id\":\"https:\\\/\\\/ergotherapie.ch\\\/fr\\\/#website\",\"url\":\"https:\\\/\\\/ergotherapie.ch\\\/fr\\\/\",\"name\":\"Ergotherapie-Verband\",\"description\":\"\",\"potentialAction\":[{\"@type\":\"SearchAction\",\"target\":{\"@type\":\"EntryPoint\",\"urlTemplate\":\"https:\\\/\\\/ergotherapie.ch\\\/fr\\\/?s={search_term_string}\"},\"query-input\":{\"@type\":\"PropertyValueSpecification\",\"valueRequired\":true,\"valueName\":\"search_term_string\"}}],\"inLanguage\":\"fr-FR\"}]}<\/script>\n<!-- \/ Yoast SEO Premium plugin. -->","yoast_head_json":{"title":"Maladies oncologiques - Ergotherapie-Verband","robots":{"index":"index","follow":"follow","max-snippet":"max-snippet:-1","max-image-preview":"max-image-preview:large","max-video-preview":"max-video-preview:-1"},"canonical":"https:\/\/ergotherapie.ch\/fr\/ergotherapie\/champs-dapplication\/maladies-oncologiques\/","og_locale":"fr_FR","og_type":"article","og_title":"Maladies oncologiques","og_url":"https:\/\/ergotherapie.ch\/fr\/ergotherapie\/champs-dapplication\/maladies-oncologiques\/","og_site_name":"Ergotherapie-Verband","article_modified_time":"2025-04-02T15:49:33+00:00","twitter_card":"summary_large_image","schema":{"@context":"https:\/\/schema.org","@graph":[{"@type":"WebPage","@id":"https:\/\/ergotherapie.ch\/fr\/ergotherapie\/champs-dapplication\/maladies-oncologiques\/","url":"https:\/\/ergotherapie.ch\/fr\/ergotherapie\/champs-dapplication\/maladies-oncologiques\/","name":"Maladies oncologiques - Ergotherapie-Verband","isPartOf":{"@id":"https:\/\/ergotherapie.ch\/fr\/#website"},"datePublished":"2024-12-23T22:27:50+00:00","dateModified":"2025-04-02T15:49:33+00:00","breadcrumb":{"@id":"https:\/\/ergotherapie.ch\/fr\/ergotherapie\/champs-dapplication\/maladies-oncologiques\/#breadcrumb"},"inLanguage":"fr-FR","potentialAction":[{"@type":"ReadAction","target":["https:\/\/ergotherapie.ch\/fr\/ergotherapie\/champs-dapplication\/maladies-oncologiques\/"]}]},{"@type":"BreadcrumbList","@id":"https:\/\/ergotherapie.ch\/fr\/ergotherapie\/champs-dapplication\/maladies-oncologiques\/#breadcrumb","itemListElement":[{"@type":"ListItem","position":1,"name":"Home","item":"https:\/\/ergotherapie.ch\/fr\/"},{"@type":"ListItem","position":2,"name":"Ergoth\u00e9rapie","item":"https:\/\/ergotherapie.ch\/fr\/ergotherapie\/"},{"@type":"ListItem","position":3,"name":"Champs d\u2019application","item":"https:\/\/ergotherapie.ch\/fr\/ergotherapie\/champs-dapplication\/"},{"@type":"ListItem","position":4,"name":"Maladies oncologiques"}]},{"@type":"WebSite","@id":"https:\/\/ergotherapie.ch\/fr\/#website","url":"https:\/\/ergotherapie.ch\/fr\/","name":"Ergotherapie-Verband","description":"","potentialAction":[{"@type":"SearchAction","target":{"@type":"EntryPoint","urlTemplate":"https:\/\/ergotherapie.ch\/fr\/?s={search_term_string}"},"query-input":{"@type":"PropertyValueSpecification","valueRequired":true,"valueName":"search_term_string"}}],"inLanguage":"fr-FR"}]}},"_links":{"self":[{"href":"https:\/\/ergotherapie.ch\/fr\/wp-json\/wp\/v2\/pages\/7317","targetHints":{"allow":["GET"]}}],"collection":[{"href":"https:\/\/ergotherapie.ch\/fr\/wp-json\/wp\/v2\/pages"}],"about":[{"href":"https:\/\/ergotherapie.ch\/fr\/wp-json\/wp\/v2\/types\/page"}],"author":[{"embeddable":true,"href":"https:\/\/ergotherapie.ch\/fr\/wp-json\/wp\/v2\/users\/6"}],"replies":[{"embeddable":true,"href":"https:\/\/ergotherapie.ch\/fr\/wp-json\/wp\/v2\/comments?post=7317"}],"version-history":[{"count":6,"href":"https:\/\/ergotherapie.ch\/fr\/wp-json\/wp\/v2\/pages\/7317\/revisions"}],"predecessor-version":[{"id":10893,"href":"https:\/\/ergotherapie.ch\/fr\/wp-json\/wp\/v2\/pages\/7317\/revisions\/10893"}],"up":[{"embeddable":true,"href":"https:\/\/ergotherapie.ch\/fr\/wp-json\/wp\/v2\/pages\/7150"}],"wp:attachment":[{"href":"https:\/\/ergotherapie.ch\/fr\/wp-json\/wp\/v2\/media?parent=7317"}],"curies":[{"name":"wp","href":"https:\/\/api.w.org\/{rel}","templated":true}]}}